{"id":268,"date":"2026-04-25T01:58:51","date_gmt":"2026-04-25T01:58:51","guid":{"rendered":"https:\/\/centrosoracionguadalupeint.com\/esp\/?page_id=268"},"modified":"2026-04-25T03:24:08","modified_gmt":"2026-04-25T03:24:08","slug":"sitios-recomendados","status":"publish","type":"page","link":"http:\/\/centrosoracionguadalupeint.com\/esp\/sitios-recomendados\/","title":{"rendered":"ENLACES"},"content":{"rendered":"\n<h2 class=\"wp-block-heading\">SITIOS RECOMENDADOS<\/h2>\n\n\n\n<div data-wp-context=\"{ &quot;autoclose&quot;: false, &quot;accordionItems&quot;: [] }\" data-wp-interactive=\"core\/accordion\" role=\"group\" class=\"wp-block-accordion is-layout-flow wp-block-accordion-is-layout-flow\">\n<div data-wp-class--is-open=\"state.isOpen\" data-wp-context=\"{ &quot;id&quot;: &quot;accordion-item-1&quot;, &quot;openByDefault&quot;: false }\" data-wp-init=\"callbacks.initAccordionItems\" data-wp-on-window--hashchange=\"callbacks.hashChange\" class=\"wp-block-accordion-item is-layout-flow wp-block-accordion-item-is-layout-flow\">\n<h3 class=\"wp-block-accordion-heading has-accent-2-color has-text-color has-link-color has-large-font-size wp-elements-f3f58906752689f7366d2a7ad16f56d6\"><button aria-expanded=\"false\" aria-controls=\"accordion-item-1-panel\" data-wp-bind--aria-expanded=\"state.isOpen\" data-wp-on--click=\"actions.toggle\" data-wp-on--keydown=\"actions.handleKeyDown\" id=\"accordion-item-1\" type=\"button\" class=\"wp-block-accordion-heading__toggle\"><span class=\"wp-block-accordion-heading__toggle-title\">CENTROS DE ORACION<\/span><span class=\"wp-block-accordion-heading__toggle-icon\" aria-hidden=\"true\">+<\/span><\/button><\/h3>\n\n\n\n<div inert aria-labelledby=\"accordion-item-1\" data-wp-bind--inert=\"!state.isOpen\" id=\"accordion-item-1-panel\" role=\"region\" class=\"wp-block-accordion-panel is-layout-flow wp-block-accordion-panel-is-layout-flow\">\n<p>Algunos de nuestros Centros de Oraci\u00f3n cuentan con p\u00e1ginas web propias, an\u00edmate a conocerles:<br><br><strong><a href=\"http:\/\/centrodeoraciondelsagradocorazon.com\/\">\u2022 Centro de Oraci\u00f3n del Sagrado Coraz\u00f3n.<\/a><\/strong> M\u00e9xico D.F.<br><strong><a href=\"http:\/\/centrodeoracionnuestrase\u00f1oradelaluz.com\/\">\u2022 Centro de Oraci\u00f3n Nuestra Se\u00f1ora de la Luz.<\/a><\/strong> Puebla, M\u00e9xico.<br><strong>\u2022 Centro de Oraci\u00f3n Nuestra Se\u00f1ora de Montserrat (CECREP).<\/strong><br>Barcelona, Espa\u00f1a. Pr\u00f3ximamente.<br><strong>\u2022 Centro de Oraci\u00f3n San Jos\u00e9.<\/strong><br>Chihuahua, M\u00e9xico. Pr\u00f3ximamente.<br><strong><a href=\"http:\/\/centrodeoracioncr.org\">\u2022 Centro de Oraci\u00f3n San Juan Bautista.<\/a><\/strong> Costa Rica.<br><strong><a href=\"http:\/\/www.mogpc.org\/\">\u2022 Mercy of God Prayer Center.<\/a><\/strong> Austin, Texas.<br><strong><a href=\"http:\/\/stjosephprayercenter.com\/\">\u2022 Saint Joseph Prayer Center.<\/a><\/strong> Long Island, Nueva York.<br><strong><a href=\"http:\/\/www.enfoquebioespiritual.com.mx\/\">\u2022 Enfoque Bioespiritual.<\/a><\/strong> M\u00e9xico D.F. T\u00e9cnica para ponerse en contacto con la consciencia corporal y con las sensaciones corporales.<\/p>\n<\/div>\n<\/div>\n<\/div>\n\n\n\n<div data-wp-context=\"{ &quot;autoclose&quot;: false, &quot;accordionItems&quot;: [] }\" data-wp-interactive=\"core\/accordion\" role=\"group\" class=\"wp-block-accordion is-layout-flow wp-block-accordion-is-layout-flow\">\n<div data-wp-class--is-open=\"state.isOpen\" data-wp-context=\"{ &quot;id&quot;: &quot;accordion-item-2&quot;, &quot;openByDefault&quot;: false }\" data-wp-init=\"callbacks.initAccordionItems\" data-wp-on-window--hashchange=\"callbacks.hashChange\" class=\"wp-block-accordion-item is-layout-flow wp-block-accordion-item-is-layout-flow\">\n<h3 class=\"wp-block-accordion-heading has-accent-2-color has-text-color has-link-color has-large-font-size wp-elements-05e5ef87a449e17e2fe5b161f69ae5af\"><button aria-expanded=\"false\" aria-controls=\"accordion-item-2-panel\" data-wp-bind--aria-expanded=\"state.isOpen\" data-wp-on--click=\"actions.toggle\" data-wp-on--keydown=\"actions.handleKeyDown\" id=\"accordion-item-2\" type=\"button\" class=\"wp-block-accordion-heading__toggle\"><span class=\"wp-block-accordion-heading__toggle-title\">PSICOLOGIA PRE-PERINATAL<\/span><span class=\"wp-block-accordion-heading__toggle-icon\" aria-hidden=\"true\">+<\/span><\/button><\/h3>\n\n\n\n<div inert aria-labelledby=\"accordion-item-2\" data-wp-bind--inert=\"!state.isOpen\" id=\"accordion-item-2-panel\" role=\"region\" class=\"wp-block-accordion-panel is-layout-flow wp-block-accordion-panel-is-layout-flow\">\n<p>El nacimiento es una experiencia muy intensa que crea una fuerte impronta en nuestros hijos. A lo largo de los \u00faltimos veinte a\u00f1os, cada vez m\u00e1s psic\u00f3logos, m\u00e9dicos y terapeutas est\u00e1n reconociendo que se produce un trauma importante durante el nacimiento. Diversos estudios muestran que m\u00e1s del 80% de nuestros beb\u00e9s sufren cierto grado de trauma natal, que puede ir de moderado a severo.<br><a href=\"http:\/\/www.cedi.com.mx\/\"><strong>\u2022 Comunidad Especial de Desarrollo e Integraci\u00f3n (CEDI).<\/strong><\/a> M\u00e9xico D.F.<\/p>\n<\/div>\n<\/div>\n<\/div>\n\n\n\n<div data-wp-context=\"{ &quot;autoclose&quot;: false, &quot;accordionItems&quot;: [] }\" data-wp-interactive=\"core\/accordion\" role=\"group\" class=\"wp-block-accordion is-layout-flow wp-block-accordion-is-layout-flow\">\n<div data-wp-class--is-open=\"state.isOpen\" data-wp-context=\"{ &quot;id&quot;: &quot;accordion-item-3&quot;, &quot;openByDefault&quot;: false }\" data-wp-init=\"callbacks.initAccordionItems\" data-wp-on-window--hashchange=\"callbacks.hashChange\" class=\"wp-block-accordion-item is-layout-flow wp-block-accordion-item-is-layout-flow\">\n<h3 class=\"wp-block-accordion-heading has-accent-2-color has-text-color has-link-color has-large-font-size wp-elements-71c870ad6446c9c09b952bb98cb59724\"><button aria-expanded=\"false\" aria-controls=\"accordion-item-3-panel\" data-wp-bind--aria-expanded=\"state.isOpen\" data-wp-on--click=\"actions.toggle\" data-wp-on--keydown=\"actions.handleKeyDown\" id=\"accordion-item-3\" type=\"button\" class=\"wp-block-accordion-heading__toggle\"><span class=\"wp-block-accordion-heading__toggle-title\">PORTALES CATHOLICOS<\/span><span class=\"wp-block-accordion-heading__toggle-icon\" aria-hidden=\"true\">+<\/span><\/button><\/h3>\n\n\n\n<div inert aria-labelledby=\"accordion-item-3\" data-wp-bind--inert=\"!state.isOpen\" id=\"accordion-item-3-panel\" role=\"region\" class=\"wp-block-accordion-panel is-layout-flow wp-block-accordion-panel-is-layout-flow\">\n<p><strong><a href=\"http:\/\/arquidiocesischihuahua.org\">\u2022 Arquidi\u00f3cesis de Chihuahua.<\/a><\/strong> Sitio del Arzobispado de Chihuahua, M\u00e9xico.<br><strong><a href=\"https:\/\/arquidiocesismexico.org.mx\/\">\u2022 Arquidi\u00f3cesis de M\u00e9xico. <\/a><\/strong> P\u00e1gina Oficial de la Arquidiocesis Primada de M\u00e9xico.<br><strong><a href=\"https:\/\/www.arquidiocesismty.org\">\u2022 Arquidi\u00f3cesis de Puebla, M\u00e9xico.<\/a><\/strong><br><strong><a href=\"https:\/\/esglesia.barcelona\/es\/\">\u2022 Arzobispado de Barcelona.<\/a><\/strong> Iglesia Arquidiocesana de Barcelona. (P\u00e1gina en Catal\u00e1n y Espa\u00f1ol).<br><strong><a href=\"http:\/\/www.sacre-coeur-montmartre.com\">\u2022 Bas\u00edlica del Sagrado Coraz\u00f3n de Montmarte, Par\u00eds, Francia. <\/a><\/strong>Santuario de la Adoraci\u00f3n Eucar\u00edstica y de la Divina Misericordia<br><strong><a href=\"http:\/\/es.catholic.net\/\">\u2022 Catholic.net<\/a><\/strong> El lugar de Encuentro de los Cat\u00f3licos en la Red.<br><strong><a href=\"http:\/\/www.catolicos.com\/Internetportalesespanol.htm\">\u2022 Catolicos.com.<\/a><\/strong> Directorio de p\u00e1ginas cat\u00f3licas.<br><strong><a href=\"https:\/\/www.marian.org\/\">\u2022 Congregation of Marian Fathers of the Immaculate Conception of the Most Blessed Virgin Mary.<\/a><\/strong> Congregaci\u00f3n de los Padres Marianos de la Inmaculada Concepci\u00f3n de la Sant\u00edsima Virgen Mar\u00eda (Portal en Ingl\u00e9s).<br><strong><a href=\"https:\/\/conferenciaepiscopal.es\">\u2022 Conferencia Episcopal Espa\u00f1ola. <\/a><\/strong>P\u00e1gina de la CEE. Organismo de los Obispos Espa\u00f1oles.<br><strong><a href=\"http:\/\/www.cem.org.mx\">\u2022 Conferencia del Episcopado Mexicano<\/a><\/strong> P\u00e1gina Oficial de la CEM. Organismo de los Obispos Mexicanos.<br><strong><a href=\"http:\/\/www.usccb.org\">\u2022 Conferencia de Obispos Cat\u00f3licos de Estados Unidos.<\/a><\/strong> P\u00e1gina de la USCCB (En Ingl\u00e9s y en Espa\u00f1ol).<br><strong><a href=\"https:\/\/iglesiacr.org\">\u2022 Conferencia Episcopal de Costa Rica.<\/a><\/strong> P\u00e1gina de la CECOR<br><strong><a href=\"https:\/\/www.diocesisdealajuela.org\">\u2022 Di\u00f3cesis de Alajuela, Costa Rica.<\/a><\/strong> <br><strong><a href=\"https:\/\/austindiocese.org\/diocesis\">\u2022 Di\u00f3cesis de Austin Texas.<\/a><\/strong> P\u00e1gina de la Di\u00f3cesis de Austin Texas, Estados Unidos (P\u00e1gina en Ingl\u00e9s).<br><strong><a href=\"https:\/\/www.drvc.org\">\u2022 Di\u00f3cesis de Rockville Centre, Estados Unidos.<\/a><\/strong> <br><strong><a href=\"https:\/\/www.diocesisqro.org\">\u2022 Di\u00f3cesis de Quer\u00e9taro, M\u00e9xico.<\/a><\/strong> <br><strong><a href=\"http:\/\/diocesistampico.com\">\u2022 Di\u00f3cesis de Tampico, M\u00e9xico.<\/a><\/strong> <br><strong><a href=\"https:\/\/www.diocesisdetorreon.org\">\u2022 Di\u00f3cesis de Torre\u00f3n , M\u00e9xico.<\/a><\/strong> <br><strong><a href=\"https:\/\/virgendeguadalupe.org.mx\">\u2022 Insigne y Nacional Bas\u00edlica de Santa Mar\u00eda de Guadalupe, M\u00e9xico<\/a><\/strong> <br><strong><a href=\"http:\/\/www.vatican.va\/content\/vatican\/es.html\">\u2022 La Santa Sede.<\/a><\/strong>La Santa Sede.<br><strong><a href=\"https:\/\/www.lourdes-france.org\/es\/\">\u2022 Santuario de Nuestra Se\u00f1ora de Lourdes, Francia. <\/a><\/strong>P\u00e1gina en diversos idiomas, incluyendo Espa\u00f1ol<br><strong><a href=\"https:\/\/www.fatima.pt\/es\">\u2022 Santuario de Nuestra Se\u00f1ora del Rosario de F\u00e1tima, Portugal.<\/a><\/strong> <br><strong><a href=\"http:\/\/www.corazones.org\/\">\u2022 Siervas de los Corazones Traspasados de Jes\u00fas y Mar\u00eda.<\/a><\/strong> Instituto Religioso.<br><strong><a href=\"https:\/\/www.thedivinemercy.org\/\">\u2022 The Divine Mercy.<\/a><\/strong> Portal en ingles sobre la Divina Misericordia.<\/p>\n<\/div>\n<\/div>\n<\/div>\n\n\n\n<div data-wp-context=\"{ &quot;autoclose&quot;: false, &quot;accordionItems&quot;: [] }\" data-wp-interactive=\"core\/accordion\" role=\"group\" class=\"wp-block-accordion is-layout-flow wp-block-accordion-is-layout-flow\">\n<div data-wp-class--is-open=\"state.isOpen\" data-wp-context=\"{ &quot;id&quot;: &quot;accordion-item-4&quot;, &quot;openByDefault&quot;: false }\" data-wp-init=\"callbacks.initAccordionItems\" data-wp-on-window--hashchange=\"callbacks.hashChange\" class=\"wp-block-accordion-item is-layout-flow wp-block-accordion-item-is-layout-flow\">\n<h3 class=\"wp-block-accordion-heading has-accent-2-color has-text-color has-link-color has-large-font-size wp-elements-8e8c5b69391f609673bbb3ef2975f571\"><button aria-expanded=\"false\" aria-controls=\"accordion-item-4-panel\" data-wp-bind--aria-expanded=\"state.isOpen\" data-wp-on--click=\"actions.toggle\" data-wp-on--keydown=\"actions.handleKeyDown\" id=\"accordion-item-4\" type=\"button\" class=\"wp-block-accordion-heading__toggle\"><span class=\"wp-block-accordion-heading__toggle-title\">RECURSOS CATHOLICOS<\/span><span class=\"wp-block-accordion-heading__toggle-icon\" aria-hidden=\"true\">+<\/span><\/button><\/h3>\n\n\n\n<div inert aria-labelledby=\"accordion-item-4\" data-wp-bind--inert=\"!state.isOpen\" id=\"accordion-item-4-panel\" role=\"region\" class=\"wp-block-accordion-panel is-layout-flow wp-block-accordion-panel-is-layout-flow\">\n<p><strong><a href=\"http:\/\/www.vatican.va\/archive\/catechism_sp\/index_sp.html\">\u2022 Catecismo de la Iglesia Cat\u00f3lica.<\/a><\/strong> <br><strong><a href=\"http:\/\/www.vatican.va\/archive\/compendium_ccc\/documents\/archive_2005_compendium-ccc_sp.html\">\u2022 Catecismo de la Iglesia Cat\u00f3lica. Compendio<\/a><\/strong> <br><strong><a href=\"http:\/\/www.vatican.va\/archive\/ESL0020\/_INDEX.HTM\">\u2022 C\u00f3digo de Derecho Can\u00f3nico<\/a><\/strong> Promulgado por la Autoridad de Juan Pablo II, Papa. Dado en Roma, el dia 25 de Enero de 1983.<br><strong><a href=\"http:\/\/www.vatican.va\/archive\/compendium_ccc\/documents\/archive_2005_compendium-ccc_sp.html\">\u2022 Carta Apost\u00f3lica en forma de \u00abMotu Proprio\u00bb <em>Omnium in mentem<\/em>, con la cual se modifican algunas normas del C\u00f3digo de Derecho Can\u00f3nico. <\/a><\/strong>Benedicto XVI. 26 de Octubre de 2009.<br><strong><a href=\"http:\/\/www.vatican.va\/archive\/hist_councils\/index_sp.htm\">\u2022 Concilios Ecum\u00e9nicos<\/a><\/strong> Documentos del Concilio Vaticano I y Concilio Vaticano II.<br><strong><a href=\"http:\/\/www.vatican.va\/roman_curia\/pontifical_councils\/justpeace\/documents\/rc_pc_justpeace_doc_20060526_compendio-dott-soc_sp.html\">\u2022 Compendio de la Doctrina Social de la Iglesia<\/a><\/strong><br><strong><a href=\"http:\/\/www.vatican.va\/archive\/ESL0506\/_INDEX.HTM\">\u2022 La Biblia<\/a><\/strong> El Libro del Pueblo de Dios. Versi\u00f3n al Espa\u00f1ol tomada de la p\u00e1gina de La Santa Sede.<br><strong><a href=\"http:\/\/www.vatican.va\/resources\/index_sp.htm\">\u2022 Abusos contra Menores. La Respuesta de la Iglesia<\/a><\/strong> Documentos Pontificios.<\/p>\n<\/div>\n<\/div>\n<\/div>\n\n\n\n<div data-wp-context=\"{ &quot;autoclose&quot;: false, &quot;accordionItems&quot;: [] }\" data-wp-interactive=\"core\/accordion\" role=\"group\" class=\"wp-block-accordion is-layout-flow wp-block-accordion-is-layout-flow\">\n<div data-wp-class--is-open=\"state.isOpen\" data-wp-context=\"{ &quot;id&quot;: &quot;accordion-item-5&quot;, &quot;openByDefault&quot;: false }\" data-wp-init=\"callbacks.initAccordionItems\" data-wp-on-window--hashchange=\"callbacks.hashChange\" class=\"wp-block-accordion-item is-layout-flow wp-block-accordion-item-is-layout-flow\">\n<h3 class=\"wp-block-accordion-heading has-accent-2-color has-text-color has-link-color has-large-font-size wp-elements-c44c4fd9c4ddd7e1f6429d20fe2c12a2\"><button aria-expanded=\"false\" aria-controls=\"accordion-item-5-panel\" data-wp-bind--aria-expanded=\"state.isOpen\" data-wp-on--click=\"actions.toggle\" data-wp-on--keydown=\"actions.handleKeyDown\" id=\"accordion-item-5\" type=\"button\" class=\"wp-block-accordion-heading__toggle\"><span class=\"wp-block-accordion-heading__toggle-title\">AGENCIAS DE NOTICIAS CATHOLICAS<\/span><span class=\"wp-block-accordion-heading__toggle-icon\" aria-hidden=\"true\">+<\/span><\/button><\/h3>\n\n\n\n<div inert aria-labelledby=\"accordion-item-5\" data-wp-bind--inert=\"!state.isOpen\" id=\"accordion-item-5-panel\" role=\"region\" class=\"wp-block-accordion-panel is-layout-flow wp-block-accordion-panel-is-layout-flow\">\n<p><strong><a href=\"https:\/\/www.aciprensa.com\/\">\u2022 ACIPRENSA.<\/a><\/strong> La Agencia Cat\u00f3lica de Informaciones (ACI) en Am\u00e9rica Latina.<br><strong><a href=\"http:\/\/elsembradorministries.com\/esne-cm\/\">\u2022 ESNE.<\/a><\/strong> El sembrador. Fundada por el laico Noel D\u00edaz al sur de Estados Unidos de Am\u00e9rica.<br><strong><a href=\"https:\/\/www.ewtn.com\/espanol\/index.asp\">\u2022 EWTN.<\/a><\/strong> Fundada por la hermana clarisa estadounidense Madre Ang\u00e9lica, en 1981.<br><strong><a href=\"http:\/\/magnificat.tv\/\">\u2022 Magnificat TV.<\/a><\/strong> Televisi\u00f3n cat\u00f3lica que forma parte del proyecto evangelizador de los Franciscanos de Mar\u00eda fundada por P. Santiago Martin.<br><strong><a href=\"https:\/\/www.mariavision.com\/index.php\">\u2022 Mariavisi\u00f3n.<\/a><\/strong> Mar\u00eda \u2020 Visi\u00f3n responde a las metas de la Nueva Evangelizaci\u00f3n tomando como modelo a la Virgen Mar\u00eda.<br><strong><a href=\"https:\/\/www.nazaret.tv\/inicio\">\u2022 Nazaret TV.<\/a><\/strong> Iniciativa de fieles cat\u00f3licos, que sigue en su programaci\u00f3n la doctrina de la Iglesia de acuerdo al Catecismo de la Iglesia Cat\u00f3lica para la Nueva Evangelizaci\u00f3n. <br><strong><a href=\"https:\/\/es.zenit.org\/\">\u2022 El mundo visto desde Roma:<\/a><\/strong> Agencia Period\u00edstica Zenit. Reporta y explica todo lo que sucede en los Dicasterios de la Curia Vaticana, Universidades Pontificias, Conferencias Episcopales, Santuarios, Di\u00f3cesis y Parroquias.<br><strong><a href=\"https:\/\/www.religionenlibertad.com\/\">\u2022 Peri\u00f3dico digital Religi\u00f3n en libertad.<\/a><\/strong> <strong><a href=\"http:\/\/webcatolicodejavier.org\/\">\u2022 Web Cat\u00f3lico de Javier.<\/a><\/strong> Un portal que surge en 1998 que aporta detallada informaci\u00f3n para enriquecer nuestra fe y conocimientos. Vale la pena visitarlo.<\/p>\n<\/div>\n<\/div>\n<\/div>\n","protected":false},"excerpt":{"rendered":"<p>SITIOS RECOMENDADOS<\/p>\n","protected":false},"author":1,"featured_media":0,"parent":0,"menu_order":0,"comment_status":"closed","ping_status":"closed","template":"","meta":{"footnotes":""},"class_list":["post-268","page","type-page","status-publish","hentry"],"_links":{"self":[{"href":"http:\/\/centrosoracionguadalupeint.com\/esp\/wp-json\/wp\/v2\/pages\/268","targetHints":{"allow":["GET"]}}],"collection":[{"href":"http:\/\/centrosoracionguadalupeint.com\/esp\/wp-json\/wp\/v2\/pages"}],"about":[{"href":"http:\/\/centrosoracionguadalupeint.com\/esp\/wp-json\/wp\/v2\/types\/page"}],"author":[{"embeddable":true,"href":"http:\/\/centrosoracionguadalupeint.com\/esp\/wp-json\/wp\/v2\/users\/1"}],"replies":[{"embeddable":true,"href":"http:\/\/centrosoracionguadalupeint.com\/esp\/wp-json\/wp\/v2\/comments?post=268"}],"version-history":[{"count":12,"href":"http:\/\/centrosoracionguadalupeint.com\/esp\/wp-json\/wp\/v2\/pages\/268\/revisions"}],"predecessor-version":[{"id":366,"href":"http:\/\/centrosoracionguadalupeint.com\/esp\/wp-json\/wp\/v2\/pages\/268\/revisions\/366"}],"wp:attachment":[{"href":"http:\/\/centrosoracionguadalupeint.com\/esp\/wp-json\/wp\/v2\/media?parent=268"}],"curies":[{"name":"wp","href":"https:\/\/api.w.org\/{rel}","templated":true}]}}