{"id":48,"date":"2026-04-24T22:45:07","date_gmt":"2026-04-24T22:45:07","guid":{"rendered":"https:\/\/centrosoracionguadalupeint.com\/esp\/?page_id=48"},"modified":"2026-04-25T04:30:24","modified_gmt":"2026-04-25T04:30:24","slug":"constituciones","status":"publish","type":"page","link":"http:\/\/centrosoracionguadalupeint.com\/esp\/constituciones\/","title":{"rendered":"CONSTITUCIONES"},"content":{"rendered":"\n<h2 class=\"wp-block-heading\">\u00cdNDICE<\/h2>\n\n\n\n<div data-wp-context=\"{ &quot;autoclose&quot;: false, &quot;accordionItems&quot;: [] }\" data-wp-interactive=\"core\/accordion\" role=\"group\" class=\"wp-block-accordion is-layout-flow wp-block-accordion-is-layout-flow\">\n<div data-wp-class--is-open=\"state.isOpen\" data-wp-context=\"{ &quot;id&quot;: &quot;accordion-item-1&quot;, &quot;openByDefault&quot;: false }\" data-wp-init=\"callbacks.initAccordionItems\" data-wp-on-window--hashchange=\"callbacks.hashChange\" class=\"wp-block-accordion-item is-layout-flow wp-block-accordion-item-is-layout-flow\">\n<h3 class=\"wp-block-accordion-heading has-accent-2-color has-text-color has-link-color has-large-font-size wp-elements-8bbc40f0796feaae13f48b27044d987c\"><button aria-expanded=\"false\" aria-controls=\"accordion-item-1-panel\" data-wp-bind--aria-expanded=\"state.isOpen\" data-wp-on--click=\"actions.toggle\" data-wp-on--keydown=\"actions.handleKeyDown\" id=\"accordion-item-1\" type=\"button\" class=\"wp-block-accordion-heading__toggle\"><span class=\"wp-block-accordion-heading__toggle-title\">CARTAS DEL PADRE JAMES J. WHEELER, S.J.<\/span><span class=\"wp-block-accordion-heading__toggle-icon\" aria-hidden=\"true\">+<\/span><\/button><\/h3>\n\n\n\n<div inert aria-labelledby=\"accordion-item-1\" data-wp-bind--inert=\"!state.isOpen\" id=\"accordion-item-1-panel\" role=\"region\" class=\"wp-block-accordion-panel is-layout-flow wp-block-accordion-panel-is-layout-flow\">\n<p>Padre James J. Wheeler, S. J., Director Apost\u00f3lico<br>Sociedad de Nuestra Se\u00f1ora<br>de Guadalupe<br>Enero, 1998.<\/p>\n\n\n\n<p>Esta es la carta que yo les envi\u00e9 a Ginny y a Mar\u00eda antes de nuestra junta en Houston.<br><\/p>\n\n\n\n<p>Estimadas Mar\u00eda y Ginny:<\/p>\n\n\n\n<p>Nosotros hemos recorrido un camino muy largo para llegar a donde estamos ahora. Conflictos, miedos, depresiones, y todo esto ha sido la fuente de nuestro crecimiento. As\u00ed como hemos seguido adelante, cada uno de nosotros puede ser testigo de haber encontrado la profunda presencia de Jes\u00fas en nuestras vidas. Una de las cosas que ha sido de una gran consolaci\u00f3n a trav\u00e9s de los periodos de intensa obscuridad, ha sido el saber que despacio, pero firme y seguro he crecido en \u00c9l y con \u00c9l, y como yo las veo a ustedes y a los otros directores de Centros de Oraci\u00f3n, yo puedo sentir muy profundamente que ustedes y ellos tambi\u00e9n han crecido de una manera extraordinaria.<\/p>\n\n\n\n<p>En este crecimiento en Jes\u00fas que es el sello de mi vida y como yo lo creo estos son los cimientos sobre los que se funda nuestra vida. Entrando cada d\u00eda m\u00e1s hondo en nuestras relaciones con \u00c9l y saber que en la obscuridad o la luz, depresi\u00f3n, sobreviviendo y en la recuperaci\u00f3n, que \u00c9l est\u00e1 creciendo m\u00e1s grande abarcando toda la profundidad de mi vida. Y para mi regocijo lo imposible ha ocurrido, y es que mi orgullo algunas veces se esta haciendo m\u00e1s peque\u00f1o, eso me llena de alegr\u00eda.<\/p>\n\n\n\n<p>En esta forma Dios nos permite incrementar nuestro desarrollo. Los Centros de Oraci\u00f3n a trav\u00e9s de viento y marea, altos y bajos han crecido en tama\u00f1o y en efectividad. Dios nos ha permitido utilizar ministerios que se han extendido a trav\u00e9s de nuestros pa\u00edses, los Estados Unidos y M\u00e9xico y a otras diversas partes del mundo.<\/p>\n\n\n\n<p>Y sin embargo, todav\u00eda ahora yo sospecho que nos estamos encarando a el factor de que como el Bautista, fuimos llamados a estar dentro de nuestra propia peque\u00f1ez.<\/p>\n\n\n\n<p>Porque el ministerio es la creaci\u00f3n del Esp\u00edritu en Cristo y nosotros nos damos a la idea que hemos sido llamados para encontrarlo y fortificarlo y ahora nos encontramos en una posici\u00f3n de limitar este hallazgo solamente hasta cierto punto en nuestras vidas para poder continuar a medida de nuestras capacidades f\u00edsicas y mentales. Yo tengo sesenta y un a\u00f1os, y dos de los directores est\u00e1n en sus setentas, el resto de los directores de los siete Centro de Oraci\u00f3n ahora vigentes est\u00e1n en sus cincuentas o sesentas.<\/p>\n\n\n\n<p>La pregunta que queda es: \u00bf\u00c9ste es un llamado que debemos terminar con gran gratitud por el trabajo que hicimos, y hasta cierto punto llevarlo al final de nuestras vidas o cuando ya no tenemos la capacidad de continuar?<\/p>\n\n\n\n<p>Hemos guiado a muchas personas a consagrar sus vidas a Cristo. Con ayuda de otros hemos llevado hacia este lugar, aqu\u00ed les hemos consolado pero haci\u00e9ndoles saber que el lugar m\u00e1s profundo de crecimiento espiritual y sanaci\u00f3n psicol\u00f3gica y de santidad verdadera se encuentra a los pies de Su Cruz. El camino de nuestra realidad con Dios y con otros es por medio de la Cruz, en lugar de evadirla o medicando nuestro dolor con una variedad de adicciones.<\/p>\n\n\n\n<p>As\u00ed que nuestro llamado ha sido dejarle ver a la gente que el llamado se recibe profundamente dentro del Crucifijo y el Cristo Resucitado a quien nosotros amamos y no es para estar al nivel de una euforia inicial o de dejar nuestras vidas ser conducidas sobre una serie de mariposas en el est\u00f3mago, pero de entrar m\u00e1s hondo dentro de la realidad de Dios y de nosotros, as\u00ed como \u00c9l nos ve y somos. En esta dif\u00edcil y algunas veces aterradora jornada, labramos nuestro camino de lleno en la humanidad del Cristo de la Aflicci\u00f3n y as\u00ed, a trav\u00e9s de nuestra participaci\u00f3n en su pena podamos vivir en el regocijo y la felicidad de su infalible resurrecci\u00f3n en nuestras vidas.<\/p>\n\n\n\n<p>Yo creo que hay dentro de m\u00ed un llamado para empezar a hacer previsiones a la extensi\u00f3n de este ministerio m\u00e1s all\u00e1 de mi vida o cuando se llegue el momento de que yo ya no sea capaz de desempe\u00f1ar el trabajo. Lo que yo les pregunto a ustedes es la misma pregunta que yo me formul\u00e9. \u00bfUstedes creen que debemos de fomentar y continuar el ministerio mas all\u00e1 de nuestras propias capacidades?<\/p>\n\n\n\n<p>Si la respuesta es no, entonces no hay mucho que hacer sino sostenernos de la mejor manera posible dentro del ministerio en el que ahora nos encontramos. Si alguno de ustedes me ha indicado que la respuesta es s\u00ed, entonces yo creo esto tiene que meditarse muy profundamente y la oraci\u00f3n es el camino que deberemos de seguir.<\/p>\n\n\n\n<p>Perm\u00edtanme expresarles algunos de mis pensamientos acerca del camino que tal vez pod\u00edamos seguir para preparar un plan de propuesta.<\/p>\n\n\n\n<p>Nosotros hemos sido llamados dentro de un compromiso de devoci\u00f3n para toda nuestra vida. Conforme ha pasado el tiempo hemos aprendido que nuestro llamado es dar todo nuestro ser completamente a Cristo. Hemos encontrado el camino por medio de la ense\u00f1anza a proveer los cimientos para esa consagraci\u00f3n y dejarla vivir completamente en nuestras vidas. As\u00ed como cada uno de nosotros ha proseguido esa consagraci\u00f3n, hemos encontrado mucha otra ayuda en nuestro camino, como es la devoci\u00f3n a la Divina Providencia y los programas en M\u00e9xico de codependencia y adicciones as\u00ed como en el enfoque.<\/p>\n\n\n\n<p>As\u00ed como hemos seguido el sendero en el cual Dios nos ha llamado, as\u00ed hemos entrado dentro de una consagraci\u00f3n honda y muy profunda por fuera y dentro en nuestra relaci\u00f3n con Jes\u00fas. Desde el fondo de nuestra relaci\u00f3n les hemos preguntado a otras personas si desean seguir un camino similar de<br>relaciones con Dios.<\/p>\n\n\n\n<p>Por medio de esta consagraci\u00f3n, esta formaci\u00f3n y este servicio han surgido comunidades peque\u00f1as que desean formar un Centro de Oraci\u00f3n para servir a otros.<\/p>\n\n\n\n<p>A m\u00ed me parece que se ha llegado el momento de reconocer la forma en que Dios nos ha llamado para ver que otras personas sigan su camino. Fuimos llamados para darles la oportunidad a muchos otros a entregarle su vida a Dios, a servir a Cristo en sus esposos (as) y en sus familias y a desarrollar de lleno los dones y capacidades de una vida de ministerio.<\/p>\n\n\n\n<p>En este llamado le pedimos a Dios que nos env\u00ede a la gente laica que en toda su potencia desee servir a la iglesia. Jes\u00fas nos est\u00e1 llamando para abrir una puerta a tantos otros y abrir de par en par la posibilidad para las personas laicas de servir a Dios completa y totalmente.<\/p>\n\n\n\n<p>La puerta que el Vaticano II ofreci\u00f3 a la gente laica esta lentamente abri\u00e9ndose muy ancha. Queremos estrecharla m\u00e1s, pero tambi\u00e9n queremos que se abra m\u00e1s profunda. Deseamos dejarles saber a las personas que la vida completa de amor a Jes\u00fas es abandon\u00e1ndose uno mismo al Padre y sirviendo a la Iglesia a trav\u00e9s de los dones del Esp\u00edritu Santo que est\u00e1n abiertos a la luz para todos.<\/p>\n\n\n\n<p>Tambi\u00e9n queremos abrir la posibilidad de dedicaci\u00f3n, consagraci\u00f3n y servicio para aquellos a quienes por medio de su compromiso a la vida del Centro de Oraci\u00f3n quieran encontrar el camino a vivir plenamente su consagraci\u00f3n a Dios. Esa posibilidad est\u00e1 abierta para aquellos que lo deseen, haciendo compromisos anuales al Centro de Oraci\u00f3n, tal vez tomar la responsabilidad de tres o cinco a\u00f1os y despu\u00e9s un compromiso plenamente completo y permanente por el resto de sus vidas.<\/p>\n\n\n\n<p>Queremos dar la oportunidad de compartir nuestro ministerio a los hermanos y hermanas que viven una vida consagrada de celibato, tal vez una forma de profunda consagraci\u00f3n y sacrificio la cual est\u00e1 ordinariamente presente en la vida laica, pero ahora con el Vaticano II con su adviento nos trajo a una clase nueva diferente de consagraci\u00f3n, pero tambi\u00e9n una forma de consagraci\u00f3n que en alg\u00fan sentido iguala la consagraci\u00f3n del celibato. No puede igualarse al compromiso de la consagraci\u00f3n estricta del celibato, como es, obediencia y pobreza. Pero es igual en la dedicaci\u00f3n total de la vida de uno mismo a Dios, Nuestro Padre por medio de Cristo Jes\u00fas. Y debe de quedar bien entendido que aun cuando el matrimonio o la vida de soltero no hace el sacrificio inicial y continuo que se practica en la vida del celibato tambi\u00e9n tiene y se est\u00e1 viviendo un sacrificio profundo y una cruz muy pesada.<\/p>\n\n\n\n<p>Entrar dentro de una consagraci\u00f3n expl\u00edcita es para entregar uno su propia vida a Cristo de la manera que \u00c9l lo ten\u00eda previsto para todos nosotros a pesar de la clase de llamado que recibamos.<\/p>\n\n\n\n<p>As\u00ed de esta manera el acto de consagraci\u00f3n y de dar nuestras vidas completamente sobre todas las cosas a Cristo Jes\u00fas, el compromiso y consagraci\u00f3n que se hace en la escuela encuentra su formaci\u00f3n en la ense\u00f1anza, y si la persona as\u00ed lo decide a fomentar m\u00e1s lejos su formaci\u00f3n en la Escuela para la Direcci\u00f3n Espiritual, entonces desde ese punto de partida y para adelante empezar\u00e1 una vida de servicio para otros en el Centro de Oraci\u00f3n. La realizaci\u00f3n de la vida de esa persona de entregar su vida a Dios puede ser un deseo sobre un periodo de tiempo, ese compromiso ser\u00e1 la satisfacci\u00f3n de servir primero a Dios en relaci\u00f3n con su c\u00f3nyugue, la familia propia y despu\u00e9s en una vida de servicio a la gente de Dios, a la Iglesia y al Centro de Oraci\u00f3n.<\/p>\n\n\n\n<p>Los Directores a los que nos referimos en este documento:<\/p>\n\n\n\n<p>Mar\u00eda Esther Barnetche<br>Centro de Oraci\u00f3n del Sagrado Coraz\u00f3n<br>M\u00e9xico, City<\/p>\n\n\n\n<p>Ginny Antaya<br>Mercy of God Prayer Center<br>Austin, Texas, USA.<\/p>\n\n\n\n<hr class=\"wp-block-separator has-alpha-channel-opacity\"\/>\n\n\n\n<p>Padre James J. Wheeler, S. J.<br>Director Apost\u00f3lico<br>Sociedad de Nuestra Se\u00f1ora<br>de Guadalupe<br>Marzo, 1998.<\/p>\n\n\n\n<p>A los directores (as) de los Centros de Oraci\u00f3n:<\/p>\n\n\n\n<p>El a\u00f1o pasado fui invitado por Nuestra Se\u00f1ora a tomar un peregrinaje a F\u00e1tima. Fue un viaje muy largo y dif\u00edcil pero tambi\u00e9n una experiencia maravillosa de uni\u00f3n personal con Dios. Innumerables bendiciones parec\u00edan flotar en el ambiente durante mi estancia en F\u00e1tima.<\/p>\n\n\n\n<p>Durante este tiempo en F\u00e1tima, nuestra Se\u00f1ora me pidi\u00f3 dos cosas; una fue que en el pr\u00f3ximo a\u00f1o tuviera una junta con Mar\u00eda y Ginny. As\u00ed como fue pasando el tiempo, hice los preparativos para encontrarnos en el apartamento del Padre de Mar\u00eda en Houston del 24 al 26 de febrero. Gloria Guerra del Centro de M\u00e9xico se encontraba ah\u00ed debido a una cirug\u00eda y tambi\u00e9n para asistir a una reuni\u00f3n junto con Mar\u00eda en un futuro pr\u00f3ximo en Washington. As\u00ed que la invitamos a reunirse con nosotros.<\/p>\n\n\n\n<p>Conforme se fue acercando la fecha de la junta empec\u00e9 a rezar para realizar la agenda de las reuniones. Como ustedes saben y ya he mencionado en varias ocasiones, yo me pregunto si nuestro ministerio deber\u00e1 de continuar m\u00e1s all\u00e1 de nosotros. Tambi\u00e9n se me ocurre que \u00e9sta es una pregunta muy importante ya que dos de nuestros directores de los Centros de Oraci\u00f3n est\u00e1n en sus setentas y el resto en sus sesentas o m\u00e1s de cincuenta.<\/p>\n\n\n\n<p>Pero lo importante fue lo que pas\u00f3 en mi oraci\u00f3n. Considerando que me abstuve simplemente de hacerme preguntas acerca de los sucesores y de las otras personas que hacen el trabajo de los Centros de Oraci\u00f3n, porque no siento el permiso para proseguir. Yo ahora creo que el Se\u00f1or estaba requiri\u00e9ndome a que yo trajera la mayor posibilidad de obtener una continuaci\u00f3n de los Centros de Oraci\u00f3n y empezar a examinarlos como una posibilidad muy clara.<\/p>\n\n\n\n<p>El manar de gracias estaba ah\u00ed para empezar a discutir los Centros de Oraci\u00f3n como una sociedad de personas con diferentes cualidades dedicadas a la devoci\u00f3n y que esas personas se consagran en cuerpo y alma a Dios en Cristo Jes\u00fas y a trav\u00e9s de su Madre Mar\u00eda Sant\u00edsima.<\/p>\n\n\n\n<p>Habr\u00eda la posibilidad de hacer que en la consagraci\u00f3n de algunas personas hubiera un compromiso espec\u00edfico de un a\u00f1o, tres a\u00f1os y finalmente una responsabilidad permanente a una sociedad de gente devota a Jes\u00fas. Esta consagraci\u00f3n se har\u00e1 a Dios por medio de Jes\u00fas y Mar\u00eda pero tambi\u00e9n incluir\u00e1 devociones que a este punto yo le llamo la Sociedad de Centros de Oraci\u00f3n.<\/p>\n\n\n\n<p>En cuanto empezaron nuestras pl\u00e1ticas todos empezamos a sentir el calor del tema en una forma de devoci\u00f3n muy profunda, primero con Dios y ya despu\u00e9s de la formaci\u00f3n en los Centros de Oraci\u00f3n, a dar nuestros servicios en algunos casos a tener un compromiso permanente.<\/p>\n\n\n\n<p>Hubo un acuerdo general de lo que ya se hab\u00eda escrito (La carta a Mar\u00eda y a Ginny incluida en este documento) y empezamos a arriesgarnos en otras \u00e1reas en donde tal vez pod\u00edamos decidirnos a establecer preceptos de una constituci\u00f3n, preceptos ganados en un cuarto de siglo en ministerio y de nuestra vida de oraci\u00f3n, que a lo mejor pudiese ser la fundaci\u00f3n de una sociedad que incluya a personas laicas y religiosas, pero que establezca las reglas y la direcci\u00f3n para responsabilidades seculares y as\u00ed mismo como una consagraci\u00f3n laica de sus vidas a Dios.<\/p>\n\n\n\n<p>Con esta propuesta, la cual debemos de presentar al comit\u00e9 en abril y empezar a a\u00f1adir las secciones de humildad, la Eucarist\u00eda y el Divino Sacramento.<\/p>\n\n\n\n<p>Hacia el final de nuestra junta encontramos que tuvimos una sesi\u00f3n muy profunda. Recibimos las escrituras, 1a Cr\u00f3nicas 28. Esta es la historia de la promesa de Dios a David que \u00e9l construir\u00eda el templo. Porque David era un guerrero, \u00e9l no pod\u00eda construirlo pero su hijo Salom\u00f3n lo construir\u00eda. En este templo se guardar\u00eda el Arca de la Alianza.<\/p>\n\n\n\n<p>Empezamos a sentir una confirmaci\u00f3n de que Dios nos dio un mandato similar, que \u00c9l nos estaba llamando a construir una estructura, un templo en el cual las siguientes generaciones tal vez pudieran pasar a alabar a Dios para sentir su consuelo, su formaci\u00f3n, su sanaci\u00f3n y su gu\u00eda.<\/p>\n\n\n\n<p>En la presencia del Sagrario en el Sant\u00edsimo Sacramento, la nueva Arca de la Alianza se formar\u00e1 de gente nueva que proclamar\u00e1 Su palabra, y vivir\u00e1 la vida de Cristo \u00c9l cual vive en nosotros, traer consuelo a los que est\u00e1n espiritual, psicol\u00f3gica y f\u00edsicamente con necesidades y sufrimientos.<\/p>\n\n\n\n<p>inny nos dijo de una visi\u00f3n que ella tuvo hace alg\u00fan tiempo y que me parece pertinente ahora.<\/p>\n\n\n\n<p>Ella estaba en un desierto y al estar en ese lugar, un grupo de personas apareci\u00f3 en el horizonte, ven\u00edan caminando hacia ella y tra\u00edan cargando algo. A medida que se acercaron reconoci\u00f3 que eran personas jud\u00edas que ven\u00edan transportando el Arca de la Alianza. Ellos pasaron sobre ella en su jornada a trav\u00e9s del desierto cargando el Arca.<\/p>\n\n\n\n<p>Me parece que esta visi\u00f3n se puede referir a nosotros. Nosotros somos la gente que ahora transportamos el Divino Sacramento a trav\u00e9s del desierto. Nosotros somos gente que fuimos reunidos en esta aventura y somos los que vamos llevando el Arca del Sacramento en nuestros corazones y es por eso que seremos formados como gente de Dios. En las que la Sociedad pudiera ser nombrada como la Virgen Mar\u00eda, tal vez Nuestra Se\u00f1ora Reina de la Paz. Ese nombre se hab\u00eda mencionado con anterioridad y Marie pens\u00f3 que el nombre tal vez tendr\u00eda dificultades en M\u00e9xico porque podr\u00eda ser asociado con Medugorge.<\/p>\n\n\n\n<p>Para todos nosotros es una devoci\u00f3n excepcional as\u00ed mismo como una consagraci\u00f3n muy especial para nuestra Se\u00f1ora. Ella es la que nos ha estado protegiendo bajo su manto y los Centros de Oraci\u00f3n han estado creciendo bajo su protecci\u00f3n. As\u00ed, que por ahora estamos conscientes del deseo de Nuestro Se\u00f1or de continuar en un futuro, nosotros especialmente ponemos esa iniciativa en las manos de Mar\u00eda Nuestra Protectora.<\/p>\n\n\n\n<p>Es por medio de Ella que la visi\u00f3n completa de Jes\u00fas en cuanto a nosotros ser\u00e1 satisfactoria. Si Jes\u00fas en el Sant\u00edsimo Sacramento es el que nosotros adoramos, Mar\u00eda es la principal adoratriz de Jes\u00fas e inscribir\u00e1 en nuestros corazones los deseos de Dios y a trav\u00e9s de su intercesi\u00f3n nosotros los cumpliremos.<\/p>\n\n\n\n<p>Si nosotros somos responsables y gradualmente nos volvemos personas en las cuales la consagraci\u00f3n a Jes\u00fas y Mar\u00eda es un compromiso, entonces los Centros de Oraci\u00f3n ser\u00e1n posibles, as\u00ed como tambi\u00e9n se deber\u00e1n de tomar en cuenta los puestos de oficina y la posibilidad de sucesi\u00f3n. Encar\u00e1ndonos con la realidad, y lo estamos haciendo, de la edad de nuestros directores, todos acordamos de proponer esta iniciativa a la mesa directiva.<\/p>\n\n\n\n<p>Debemos empezar en los Centros de Oraci\u00f3n donde esto es posible, la consideraci\u00f3n en cuanto a puestos de oficina y la sucesi\u00f3n de aquellos a quienes son directores o mantienen otros cargos de importancia y trascendencia en los Centro de Oraci\u00f3n.<\/p>\n\n\n\n<p>Esto tambi\u00e9n involucra una consideraci\u00f3n de la oficina del Director Apost\u00f3lico, como yo ya tengo 61 a\u00f1os (ya s\u00e9 que ustedes no lo pueden creer), es tiempo de tomar en cuenta a un sucesor y el camino a seguir para escogerlo. Discutimos esto y pensamos que al principio tal vez otro sacerdote pudiera ser la persona adecuada para este trabajo. Pero otro sacerdote pudiera ser alguien que no est\u00e1 familiarizado con nuestros programas o la manera de vivir que por ahora estamos formando. Esto significa que una persona laica de la Sociedad ser\u00eda el Director Apost\u00f3lico, y encontrar un sacerdote para ser Director Espiritual. Si Dios nos est\u00e1 llamando para continuar con nuestros Centros de Oraci\u00f3n, entonces esto parece ser la manera m\u00e1s l\u00f3gica de hacerlo.<\/p>\n\n\n\n<p>As\u00ed que yo les pregunto a todos ustedes que tomen en consideraci\u00f3n estas ideas y que recen y hagan vigilia por estas intenciones. En todos estos a\u00f1os, hemos estado buscando la voluntad de Dios. Mar\u00eda y Jes\u00fas nos han guiado en un camino extraordinario. Hagamos oraci\u00f3n y vigilia, busquemos la voluntad de Dios en este momento crucial de nuestra jornada. Ofrezcamos nuestros corazones m\u00e1s llenos y generosos a Jes\u00fas y Mar\u00eda y veamos a d\u00f3nde nos lleva esta herida tan profunda de amor.<\/p>\n\n\n\n<p>Los directores a los que nos referimos en este documento:<\/p>\n\n\n\n<p>Mar\u00eda Esther Barnetche<br>Centro de Oraci\u00f3n del Sagrado Coraz\u00f3n<br>M\u00e9xico, City<\/p>\n\n\n\n<p>Ginny Antaya<br>Mercy of God Prayer Center<br>Austin, Texas, USA.<br>OCTUBRE 2003<\/p>\n<\/div>\n<\/div>\n<\/div>\n\n\n\n<div data-wp-context=\"{ &quot;autoclose&quot;: false, &quot;accordionItems&quot;: [] }\" data-wp-interactive=\"core\/accordion\" role=\"group\" class=\"wp-block-accordion is-layout-flow wp-block-accordion-is-layout-flow\">\n<div data-wp-class--is-open=\"state.isOpen\" data-wp-context=\"{ &quot;id&quot;: &quot;accordion-item-2&quot;, &quot;openByDefault&quot;: false }\" data-wp-init=\"callbacks.initAccordionItems\" data-wp-on-window--hashchange=\"callbacks.hashChange\" class=\"wp-block-accordion-item is-layout-flow wp-block-accordion-item-is-layout-flow\">\n<h3 class=\"wp-block-accordion-heading has-accent-2-color has-text-color has-link-color has-large-font-size wp-elements-f6a43aff0166afcad16aede0e06a1360\"><button aria-expanded=\"false\" aria-controls=\"accordion-item-2-panel\" data-wp-bind--aria-expanded=\"state.isOpen\" data-wp-on--click=\"actions.toggle\" data-wp-on--keydown=\"actions.handleKeyDown\" id=\"accordion-item-2\" type=\"button\" class=\"wp-block-accordion-heading__toggle\"><span class=\"wp-block-accordion-heading__toggle-title\">PRELUDIO A LAS CONSTITUCIONES<\/span><span class=\"wp-block-accordion-heading__toggle-icon\" aria-hidden=\"true\">+<\/span><\/button><\/h3>\n\n\n\n<div inert aria-labelledby=\"accordion-item-2\" data-wp-bind--inert=\"!state.isOpen\" id=\"accordion-item-2-panel\" role=\"region\" class=\"wp-block-accordion-panel is-layout-flow wp-block-accordion-panel-is-layout-flow\">\n<p>Por el Rev. James Wheeler, S.J. Director Apost\u00f3lico<\/p>\n\n\n\n<p>Nosotros somos la gente de Cristo Jes\u00fas que fuimos reunidos por medio del Esp\u00edritu Santo a la iniciativa de Nuestra Madre Misericordiosa, Mar\u00eda de Nazaret. Hemos sido llamados a un ministerio de oraci\u00f3n, sanaci\u00f3n y transformaci\u00f3n a trav\u00e9s de Jes\u00fas Nuestro Se\u00f1or.<br><\/p>\n\n\n\n<p>Empezando con el sue\u00f1o en el Esp\u00edritu que fue confirmado por dos personas las que empezaron este ministerio, el cual empez\u00f3 a crecer por varios a\u00f1os en Syosset y Kings Park, en Long Island en el estado de Nueva York en los Estados Unidos de Am\u00e9rica. En esos tiempos se prepar\u00f3 la formaci\u00f3n del programa de la Escuela de Desarrollo Espiritual y Sanaci\u00f3n Interior (School of Spiritual Growth and Inner Healing). Este ministerio se continu\u00f3 en Albuquerque Nuevo M\u00e9xico y ah\u00ed fue en donde naci\u00f3 el programa para el desarrollo del ministerio de la Escuela de Direcci\u00f3n Espiritual. A trav\u00e9s de estos programas, el ministerio de los centros de Oraci\u00f3n se ha difundido desde Texas y M\u00e9xico y de M\u00e9xico a Espa\u00f1a.<br><\/p>\n\n\n\n<p>Por d\u00e9cadas con la lealtad de Jes\u00fas y la fidelidad de Mar\u00eda gui\u00e1ndonos, hemos perseverado bajo la orientaci\u00f3n del Esp\u00edritu Santo. Hemos descubierto en conjunto con otras personas los milagros y el poder maravilloso de la oraci\u00f3n en nuestras vidas. Estas oraciones han dado innumerables sanaciones de cuerpo, alma y esp\u00edritu a miles de personas. Y a medida que continuamos con nuestras oraciones y ministerio, hemos encontrado que podemos dar una gran ayuda en cuanto hay heridas profundas que ocurren por el abuso, dolor muy hondo, depresi\u00f3n y varias formas de enfermedad mental. Nuestro ministerio est\u00e1 basado en la oraci\u00f3n pero tambi\u00e9n est\u00e1 profundamente integrado a los principios psicol\u00f3gicos y f\u00edsicos con los cuales nosotros trabajamos en coordinaci\u00f3n con psic\u00f3logos y psiquiatras.<br><\/p>\n\n\n\n<p>Conforme hemos seguido en este ministerio, la orientaci\u00f3n del Esp\u00edritu se nos ha revelado. La perseverancia al trabajar y vivir con las heridas y pecados que nos quedan, nos ha ense\u00f1ado a desarrollarnos en la sabidur\u00eda, prudencia y comprensi\u00f3n. Con esto hemos evadido la trampa terrible de la v\u00edctima quejumbrosa y de la persona sumergida en una relaci\u00f3n dependiente en donde hay muy poca o ninguna salida.<br><\/p>\n\n\n\n<p>A trav\u00e9s del poder de Jes\u00fas, la luz de Cristo ha venido misericordiosamente a vivir en nosotros. A pesar que tal vez podemos ser los \u00faltimos y los menos dignos en el Reino de Dios, el Esp\u00edritu Santo nos ha ense\u00f1ado el camino de la sanaci\u00f3n, el camino para avanzar nuestras vidas en el Esp\u00edritu y la entrada a la eternidad que en este mundo est\u00e1 claramente prometida para la siguiente vida. Con esto hemos encontrado a tiempo el significado de todos los eventos de nuestras vidas ya sean buenos o malos.<br><\/p>\n\n\n\n<p>En el ministerio de nuestra Madre Bendita a Juan Diego, encontramos la continua presencia de la inquietud del Padre por todos nosotros de traer la misericordia a los pobres y la justicia para todos, por eso es que la sanaci\u00f3n y transformaci\u00f3n ocurre solamente a trav\u00e9s de la misericordia. Y es solamente que por medio de la justicia personal y social se solidifica. Nosotros debemos recordar cuando Nuestra Se\u00f1ora amonest\u00f3 a Juan Diego en su segunda aparici\u00f3n. \u00c9l iba a visitar a su t\u00edo que estaba enfermo, d\u00e1ndole prioridad a su t\u00edo antes que a Nuestra Se\u00f1ora. Mar\u00eda de repente lo detuvo y le dijo: \u201c\u00bfA d\u00f3nde vas?\u201d Mar\u00eda le dijo que ella cuidar\u00eda de su t\u00edo. Su trabajo de \u00e9l era ser obediente, as\u00ed que Juan Diego fue a ver al obispo, eso era algo que \u00e9l hab\u00eda estado evadiendo, pero cuando obedeci\u00f3 se revel\u00f3 en su tilma la imagen de Nuestra Se\u00f1ora y cayeron las rosas.<br><\/p>\n\n\n\n<p>Nuestro ministerio no est\u00e1 basado en la compasi\u00f3n humana, que es parte de ello. Nuestro ministerio est\u00e1 basado en la obediencia a Dios y obediencia en la comunidad. En esta obediencia somos testigos de la misericordia y el amor de Dios para la comunidad y para todos aquellos a quienes nosotros servimos con nuestro ministerio. Somos testigos del poder y la misericordia de Jes\u00fas en la vida de otras personas. Somos testigos de la tierna, profunda y maternal preocupaci\u00f3n de Mar\u00eda nuestra Madre en la vida de otros. Es por medio de ellos que la salvaci\u00f3n, transformaci\u00f3n y sanaci\u00f3n son continuas y reales.<br><\/p>\n\n\n\n<p>A trav\u00e9s de los a\u00f1os hemos crecido en nuestra relaci\u00f3n con Jes\u00fas y Mar\u00eda. Y los religiosos consagrados que viven alrededor de nosotros han visto el poder de devoci\u00f3n y santidad que est\u00e1 muy presente en las personas laicas. En cuanto a los religiosos, nosotros nos comprometemos bajo la primera responsabilidad que hicimos a nuestras \u00f3rdenes religiosas y despu\u00e9s a la pertenencia a los Centros de oraci\u00f3n.<br><\/p>\n\n\n\n<p>Como personas laicas deseamos colocar nuestras vidas bajo el poder de Mar\u00eda y Jes\u00fas y la autoridad de la Iglesia Cat\u00f3lica. Este compromiso de entrega y devoci\u00f3n nos ha llevado a proponer que nosotros quienes fuimos llamados de esta manera, sin reservas de voluntad propia nos consagremos a Jes\u00fas a trav\u00e9s de Nuestra Madre Bendita. Nosotros nos comprometemos a la devoci\u00f3n de la Sociedad y a su ministerio en una forma espec\u00edfica.<br><\/p>\n\n\n\n<p>No deseamos nunca m\u00e1s estar solamente al borde, haciendo cosas buenas de vez en cuando. Deseamos colocar toda nuestra vida, todo lo que hacemos y todo lo que somos, bajo la consagraci\u00f3n y la devoci\u00f3n a Jes\u00fas a trav\u00e9s de la Madre de las Am\u00e9ricas y del mundo, Nuestra Se\u00f1ora la Virgen de Guadalupe.<br><\/p>\n\n\n\n<p>Para hacer esto en una forma seria, hemos propuesto estas constituciones como la manera de vivir, as\u00ed como la estructura y contenido de nuestra consagraci\u00f3n. No queremos hacer simplemente una consagraci\u00f3n y olvidarnos de ella. Queremos que \u00e9sta sea parte de nuestra vida y vivir esta consagraci\u00f3n en una forma de valores concretos. No queremos que estos valores nos lleven dentro de intensos escr\u00fapulos de culpa pero que ley\u00e9ndolos, deseemos vivirlos de la mejor manera posible.<\/p>\n<\/div>\n<\/div>\n<\/div>\n\n\n\n<div data-wp-context=\"{ &quot;autoclose&quot;: false, &quot;accordionItems&quot;: [] }\" data-wp-interactive=\"core\/accordion\" role=\"group\" class=\"wp-block-accordion is-layout-flow wp-block-accordion-is-layout-flow\">\n<div data-wp-class--is-open=\"state.isOpen\" data-wp-context=\"{ &quot;id&quot;: &quot;accordion-item-3&quot;, &quot;openByDefault&quot;: false }\" data-wp-init=\"callbacks.initAccordionItems\" data-wp-on-window--hashchange=\"callbacks.hashChange\" class=\"wp-block-accordion-item is-layout-flow wp-block-accordion-item-is-layout-flow\">\n<h3 class=\"wp-block-accordion-heading has-accent-2-color has-text-color has-link-color has-large-font-size wp-elements-57da2b6c20c0adff0b2cf6d232aa153f\"><button aria-expanded=\"false\" aria-controls=\"accordion-item-3-panel\" data-wp-bind--aria-expanded=\"state.isOpen\" data-wp-on--click=\"actions.toggle\" data-wp-on--keydown=\"actions.handleKeyDown\" id=\"accordion-item-3\" type=\"button\" class=\"wp-block-accordion-heading__toggle\"><span class=\"wp-block-accordion-heading__toggle-title\">I. INTRODUCCION<\/span><span class=\"wp-block-accordion-heading__toggle-icon\" aria-hidden=\"true\">+<\/span><\/button><\/h3>\n\n\n\n<div inert aria-labelledby=\"accordion-item-3\" data-wp-bind--inert=\"!state.isOpen\" id=\"accordion-item-3-panel\" role=\"region\" class=\"wp-block-accordion-panel is-layout-flow wp-block-accordion-panel-is-layout-flow\">\n<p>Jes\u00fas desde el principio de su actividad evangelizadora inici\u00f3 proclamando el Reino de Dios y realizando su actividad taumat\u00fargica en diferentes l\u00edneas.<br><\/p>\n\n\n\n<p>De los 34 milagros relatados en los Evangelios como \u201cmilagros\u201d, \u201cprodigios\u201d, \u201dacciones de poder\u201d, \u201dsignos\u201d y\/o \u201dobras\u201d, los m\u00e1s numerosos son los 21 casos de \u201c<em>curaci\u00f3n de enfermos<\/em>\u201d.<br><\/p>\n\n\n\n<p>Los milagros son <em>\u201cacciones misericordiosas de Jes\u00fas Salvador\u201d<\/em>. Al participar del ministerio de sanaci\u00f3n interior, nos volvemos instrumentos, para que \u00c9l accione y se \u201cmanifieste la gloria del Hijo \u00danico\u201d (Juan).<br><\/p>\n\n\n\n<p>En la SOCIEDAD DE CENTROS DE ORACI\u00d3N DE NUESTRA SE\u00d1ORA DE GUADALUPE, A.C. que tiene como misi\u00f3n este ministerio, nos enfrentamos a nuestra naturaleza humana fallida. Ante esto la visi\u00f3n del padre James J. Wheeler S.J., conocedor de la naturaleza humana junto con los directores de los Centros, nos regalan estas <strong>constituciones<\/strong>, que no son leyes sino lineamientos, sugerencias, consejos, para mantenernos unificados en el mismo prop\u00f3sito espiritual y de servicio. Ya bien lo dec\u00eda Pablo en su 1 \u00aa Carta a los Corintios: <em>\u201cOs conjuro, hermanos, por el nombre de nuestro Se\u00f1or Jesucristo, a que teng\u00e1is todos un mismo hablar, y no haya entre vosotros divisiones; antes bien, est\u00e9is unidos en una misma mentalidad y un mismo juicio\u201d<\/em>.<br><\/p>\n\n\n\n<p>Respetar las Constituciones libremente y con amor nos ayuda a afirmarnos en las personas que \u00c9l cre\u00f3 en nosotros y as\u00ed poder ser part\u00edcipes de la edificaci\u00f3n del Cuerpo de Cristo y proclamar el Reino de Dios.<br><\/p>\n\n\n\n<p>Las Constituciones nos llevan de la mano para mantenernos firmes y continuar el crecimiento espiritual haci\u00e9ndonos mejores personas, servidores de Dios.<br><\/p>\n\n\n\n<p>Podemos notar que est\u00e1n divididas en cinco grandes partes:<br><\/p>\n\n\n\n<p>En la primera parte nos aclaran cu\u00e1l es el objetivo primordial del <strong>ministerio de oraci\u00f3n de curaci\u00f3n interior<\/strong>, cu\u00e1l es la misi\u00f3n que debemos perseguir; <strong>los medios<\/strong> con los que se cuentan y como utilizarlos; y <strong>nuestra espiritualidad<\/strong>, que nos invita a vivir e imitar el amor de Jes\u00fas con los votos de <strong>pobreza, castidad y obediencia<\/strong>, que estas constituciones nos explican claramente en qu\u00e9 consisten.<br><\/p>\n\n\n\n<p>En la segunda secci\u00f3n, este documento nos acerca para tener un contacto con el Se\u00f1or. Es a trav\u00e9s de la <strong>humildad<\/strong> como nos vinculamos con Cristo, que sufri\u00f3 la pasi\u00f3n, muri\u00f3 voluntariamente y resucit\u00f3 para perd\u00f3n de nuestros pecados y para nuestra salvaci\u00f3n. Y nos encontramos con Jesucristo en la <strong>Eucarist\u00eda<\/strong> y en el <strong>Sant\u00edsimo Sacramento<\/strong>.<br><\/p>\n\n\n\n<p>Al estudiar la tercera parte somos incorporados a la comunidad y analizamos la manera en que pueden llevarse a cabo <strong>nuestras relaciones<\/strong> con nosotros mismos y con los dem\u00e1s. Encontrar nuestra identidad es <strong>nuestra entrada a la comunidad<\/strong> y como lograr estar <strong>plenamente presentes<\/strong> con los otros.<br><\/p>\n\n\n\n<p>En esta cuarta secci\u00f3n el Padre Wheeler en estas constituciones nos muestra realidades de la vida a las cuales nos enfrentaremos y lucharemos, como son la <strong>soledad<\/strong> y la <strong>libertad<\/strong>. Como alcanzar la <strong>purificaci\u00f3n<\/strong> al entrar en la familia o en la comunidad, pero tambi\u00e9n la necesidad de reconocer la existencia de <strong>l\u00edmites<\/strong>.<br><\/p>\n\n\n\n<p>Como \u00faltimo punto se nos habla de la <strong>unidad<\/strong>, tomando conciencia de estar y pertenecer al Cuerpo M\u00edstico de Jes\u00fas, de la importancia de sabernos miembros y vivir as\u00ed tomando en cuenta todos los dem\u00e1s puntos tratados.<\/p>\n<\/div>\n<\/div>\n<\/div>\n\n\n\n<div data-wp-context=\"{ &quot;autoclose&quot;: false, &quot;accordionItems&quot;: [] }\" data-wp-interactive=\"core\/accordion\" role=\"group\" class=\"wp-block-accordion is-layout-flow wp-block-accordion-is-layout-flow\">\n<div data-wp-class--is-open=\"state.isOpen\" data-wp-context=\"{ &quot;id&quot;: &quot;accordion-item-4&quot;, &quot;openByDefault&quot;: false }\" data-wp-init=\"callbacks.initAccordionItems\" data-wp-on-window--hashchange=\"callbacks.hashChange\" class=\"wp-block-accordion-item is-layout-flow wp-block-accordion-item-is-layout-flow\">\n<h3 class=\"wp-block-accordion-heading has-accent-2-color has-text-color has-link-color has-large-font-size wp-elements-0d14cded43f09e650fca1e1aceb874cf\"><button aria-expanded=\"false\" aria-controls=\"accordion-item-4-panel\" data-wp-bind--aria-expanded=\"state.isOpen\" data-wp-on--click=\"actions.toggle\" data-wp-on--keydown=\"actions.handleKeyDown\" id=\"accordion-item-4\" type=\"button\" class=\"wp-block-accordion-heading__toggle\"><span class=\"wp-block-accordion-heading__toggle-title\">II. NUESTRA MISION (1-10)<\/span><span class=\"wp-block-accordion-heading__toggle-icon\" aria-hidden=\"true\">+<\/span><\/button><\/h3>\n\n\n\n<div inert aria-labelledby=\"accordion-item-4\" data-wp-bind--inert=\"!state.isOpen\" id=\"accordion-item-4-panel\" role=\"region\" class=\"wp-block-accordion-panel is-layout-flow wp-block-accordion-panel-is-layout-flow\">\n<p><strong>Isa\u00edas 42, 1-9 Lucas 5, 1-11<br>Juan 20, 24-28<br>Mateo 9, 1-6<br>Santiago 1,27<\/strong><\/p>\n\n\n\n<p>1. Somos personas que nos hemos dado cuenta de que el movimiento total de nuestro coraz\u00f3n y el prop\u00f3sito de nuestra vida es alabar a Jes\u00fas con todo nuestro coraz\u00f3n, adorar al padre con todo nuestro ser y buscar la gloria del Dios Eterno bajo el poder del Esp\u00edritu Santo.<\/p>\n\n\n\n<p>2. Somos personas que hemos sido tocadas y movidas por el amor maternal de Nuestra Se\u00f1ora, la Bendita Madre de todos nosotros, que nos ha tocado con su amor inmenso, su profundo inter\u00e9s por nosotros y su profunda feminidad, para seguirla en el amor grande y el servicio sin fin a su hijo, Jesucristo, Nuestro Se\u00f1or.<\/p>\n\n\n\n<p>3. Al entrar en el coraz\u00f3n de Mar\u00eda, y en la historia de Guadalupe, descubrimos la misericordia divina y la compasi\u00f3n de su hijo por todos los pobres, quebrantados, derrotados, refugiados y sin hogar en este mundo. Deseamos por nuestra intercesi\u00f3n y nuestra acci\u00f3n en Jes\u00fas y a trav\u00e9s de Mar\u00eda mostrarles la profunda preocupaci\u00f3n de nuestro coraz\u00f3n y nuestro gran deseo de llevar la justicia de Jes\u00fas a sus corazones y a sus vidas.<\/p>\n\n\n\n<p>4. Y deseamos aprender de ellos, hasta de los m\u00e1s abyectos y desanimados, las lecciones de supervivencia, recuperaci\u00f3n y crecimiento en Dios que hayan conocido y que nos puedan ense\u00f1ar con sus vidas, sus palabras y su capacidad de sufrir a trav\u00e9s de situaciones extraordinarias.<\/p>\n\n\n\n<p>5. En especial sentimos que nuestra misi\u00f3n es hacia aquellos que sufren una pena especial en el coraz\u00f3n y en el esp\u00edritu. Queremos estar presentes y tocar especialmente a aquellos que sufren de enfermedades mentales, cuyas vidas est\u00e1n en confusi\u00f3n y debilidad personal y que llevan todas las marcas de la coronaci\u00f3n de espinas. Deseamos escuchar con compasi\u00f3n y esperanza el grito de Jes\u00fas hecho continuamente por toda la tierra en el profundo dolor y a menudo en la desesperanza de sus vidas, ese grito de Jes\u00fas; \u00bfPor qu\u00e9 me has abandonado?<\/p>\n\n\n\n<p>6. Deseamos, con todo nuestro coraz\u00f3n, remediar la profunda injusticia, el esquivar tr\u00e1gico, la lacerante indiferencia con que se trata a los enfermos mentales, a los deficientes mentales y a los mental y espiritualmente incapacitados.<\/p>\n\n\n\n<p>7. Somos sus hermanos y hermanas. Pero lo somos tambi\u00e9n porque a veces hemos sufrido como ellos. El lazo mutuo del Esp\u00edritu es un aliento fuerte para perseverar en tiempos de sufrimiento y para tener confianza en tiempos de recuperaci\u00f3n.<\/p>\n\n\n\n<p>8. Tambi\u00e9n queremos entrar dentro del poder sanador de Jes\u00fas hacia aquellos que han sido f\u00edsica y mentalmente abusados, para aquellos que han sido derrotados por la pena y el duelo, para aquellos abandonados por su padre o su madre o por aquellos encargados de cuidarlos, para aquellos que sufren Jes\u00fas. por las memorias del pasado que paralizan su alma, para aquellos que viven en la esclavitud de pecados ancestrales, aquellos esclavizados por la codependencia, en fin todos aquellos que vienen a nosotros y necesitan la intercesi\u00f3n de Mar\u00eda, el poder sanador del Esp\u00edritu, el b\u00e1lsamo sanador del auto conocimiento verdadero y la profunda compasi\u00f3n de su amigo.<\/p>\n\n\n\n<p>9. Tambi\u00e9n queremos estar disponibles para direcci\u00f3n espiritual para esas almas que desean ir m\u00e1s all\u00e1 en su caminar con Cristo, que buscan Su constante gu\u00eda y la ayuda de Su Madre Mar\u00eda y quieren entrar en una uni\u00f3n m\u00e1s profunda con Dios, su Padre amoroso, que desean tambi\u00e9n una sanaci\u00f3n m\u00e1s completa en su acompa\u00f1amiento con Jes\u00fas, un darse cuenta de su propia val\u00eda y del inmenso amor que Dios les tiene y del deseo que ha puesto en ellos para que entreguen su vida en el servicio y en el amor cada vez m\u00e1s pleno hacia los dem\u00e1s.<\/p>\n\n\n\n<p>10. Y deseamos siempre darnos cuenta de que somos instrumentos del amor, la verdad, la sanaci\u00f3n y la direcci\u00f3n de Dios y que es Jes\u00fas mismo quien realiza todo este ministerio. Y aunque tenemos que aprender lo m\u00e1s que podamos, debemos, al someterle nuestra mente a \u00c9l, darnos cuenta de que dependemos completamente de \u00c9l para realizar este ministerio.<\/p>\n<\/div>\n<\/div>\n<\/div>\n\n\n\n<div data-wp-context=\"{ &quot;autoclose&quot;: false, &quot;accordionItems&quot;: [] }\" data-wp-interactive=\"core\/accordion\" role=\"group\" class=\"wp-block-accordion is-layout-flow wp-block-accordion-is-layout-flow\">\n<div data-wp-class--is-open=\"state.isOpen\" data-wp-context=\"{ &quot;id&quot;: &quot;accordion-item-5&quot;, &quot;openByDefault&quot;: false }\" data-wp-init=\"callbacks.initAccordionItems\" data-wp-on-window--hashchange=\"callbacks.hashChange\" class=\"wp-block-accordion-item is-layout-flow wp-block-accordion-item-is-layout-flow\">\n<h3 class=\"wp-block-accordion-heading has-accent-2-color has-text-color has-link-color has-large-font-size wp-elements-60d7effed10a5f3fdbb1e5928ac3d4af\"><button aria-expanded=\"false\" aria-controls=\"accordion-item-5-panel\" data-wp-bind--aria-expanded=\"state.isOpen\" data-wp-on--click=\"actions.toggle\" data-wp-on--keydown=\"actions.handleKeyDown\" id=\"accordion-item-5\" type=\"button\" class=\"wp-block-accordion-heading__toggle\"><span class=\"wp-block-accordion-heading__toggle-title\">III. LOS MEDIOS (11-27)<\/span><span class=\"wp-block-accordion-heading__toggle-icon\" aria-hidden=\"true\">+<\/span><\/button><\/h3>\n\n\n\n<div inert aria-labelledby=\"accordion-item-5\" data-wp-bind--inert=\"!state.isOpen\" id=\"accordion-item-5-panel\" role=\"region\" class=\"wp-block-accordion-panel is-layout-flow wp-block-accordion-panel-is-layout-flow\">\n<p><strong>Juan 9, 1-6<br>1\u00aa Corintios 12,4-11<br>1\u00aa Corintios 3, 9<\/strong><\/p>\n\n\n\n<p>11. Estamos abiertos a todos aquellos que vienen a nosotros necesitando sanaci\u00f3n, apoyo en su sufrimiento, que desean entrar en una vida de oraci\u00f3n y conversi\u00f3n y quienes, con la ayuda de Jes\u00fas tienen un deseo honesto y sincero de enfrentar qui\u00e9nes son.<\/p>\n\n\n\n<p>12. Para aquellos que deseen entrar en una experiencia m\u00e1s completa de sanaci\u00f3n o que desean una formaci\u00f3n espiritual m\u00e1s completa, nuestro principal programa de formaci\u00f3n, sanaci\u00f3n y transformaci\u00f3n es la Escuela de Crecimiento Espiritual y Sanaci\u00f3n Interior.<\/p>\n\n\n\n<p>13. Para aquellos que desean sanaci\u00f3n psicol\u00f3gica y no una conversi\u00f3n profunda en la vida de Jes\u00fas, podemos recomendarlos lugares para terapia que son m\u00e1s adecuados para lo que ellos desean.<\/p>\n\n\n\n<p>14. Esta Escuela depende en esencia de los Ejercicios Espirituales de San Ignacio de Loyola.<\/p>\n\n\n\n<p>15. Esta Escuela y su fuente en los Ejercicios es reconocida como la clave para la formaci\u00f3n. As\u00ed que la entrada en la Sociedad de Nuestra Se\u00f1ora de Guadalupe depende del reconocimiento de haber completado la Escuela de Crecimiento Espiritual y Sanaci\u00f3n Interior (Wheeler 1) .<\/p>\n\n\n\n<p>16. Para cada uno de nosotros hay una respuesta interior de continua conversi\u00f3n a Jes\u00fas y a Mar\u00eda. Se nos pide crecer en el proceso de responder continua y consistentemente a las gracias interiores que el Se\u00f1or nos da constantemente. Tambi\u00e9n somos llamados a tener cada d\u00eda un mayor auto conocimiento y auto aceptaci\u00f3n con la ayuda de Jes\u00fas.<\/p>\n\n\n\n<p>17. Parte de este proceso de conversi\u00f3n es un retiro anual. Todo miembro de esta Sociedad debe hacer al menos un retiro de cinco d\u00edas cada a\u00f1o. Este retiro debe ser sobre los Ejercicios Espirituales de San Ignacio o sobre los pasos de la Escuela de Crecimiento Espiritual y Sanaci\u00f3n Interior.<\/p>\n\n\n\n<p>18. La Sociedad puede desarrollar muchos ministerios para los enfermos mentales y los privados espiritualmente. Pero los instrumentos de formaci\u00f3n para el ministerio de oraci\u00f3n por los enfermos es la Escuela de Preparaci\u00f3n para el Ministerio (Wheeler 2) Antes de entrar en cualquier ministerio de oraci\u00f3n o direcci\u00f3n espiritual, deben estar certificados en esta Escuela, as\u00ed como en la Escuela de Crecimiento Espiritual y Sanaci\u00f3n Interior.<\/p>\n\n\n\n<p>19. Para entrar a la sociedad y hacer la Consagraci\u00f3n, se necesita un periodo de formaci\u00f3n de por lo menos seis meses durante los cuales el candidato\/a puede estudiar los documentos de la consagraci\u00f3n y estas constituciones.<\/p>\n\n\n\n<p>20. El per\u00edodo de formaci\u00f3n y la discusi\u00f3n del material de la Consagraci\u00f3n y las Constituciones durante seis meses por lo menos deber\u00e1 incluir al menos dos fines de semana u ocho sesiones para discutir, internalizar y personalizar el material.<\/p>\n\n\n\n<p>21. Durante este tiempo el director de formaci\u00f3n, de acuerdo con el director\/a del Centro pueden empezar a discernir el ministerio espec\u00edfico de cada persona en la comunidad.<\/p>\n\n\n\n<p>22. El director\/a de formaci\u00f3n estar\u00e1 en b\u00fasqueda de aquellos que sean adecuados para el ministerio de oraci\u00f3n de curaci\u00f3n interior y el de direcci\u00f3n espiritual.<\/p>\n\n\n\n<p>23. De la misma manera el director\/a de formaci\u00f3n estar\u00e1 al pendiente de aquellos que tengan otros dones para la comunidad, tales como visitar a los enfermos, acompa\u00f1ar y visitar personas con enfermedades mentales, visitar a los prisioneros, a aquellos que pasan por un periodo de duelo o periodos intensos de curaci\u00f3n interior, de sanaci\u00f3n del abuso y muchas otras \u00e1reas de ayuda a los enfermos mentales o los mental y espiritualmente privados.<\/p>\n\n\n\n<p>24. El director\/a de formaci\u00f3n tambi\u00e9n estar\u00e1 pendiente de aquellos con habilidades para los trabajos pr\u00e1cticos de la comunidad tales como el trabajo secretarial, el de administraci\u00f3n, el de computaci\u00f3n, de chofer, o cualquier otro que sea necesario para el bienestar de la comunidad.<\/p>\n\n\n\n<p>25. Todos los trabajos en los que se reconozca la membres\u00eda de la comunidad requieren de la Escuela de Crecimiento Espiritual y Sanaci\u00f3n Interior (Wheeler 1) .<\/p>\n\n\n\n<p>26. Muchos trabajos pueden no requerir la escuela de Direcci\u00f3n Espiritual (Wheeler 2) pero pueden requerir otros tipos de preparaci\u00f3n.<\/p>\n\n\n\n<p>27. Aunque hay diferentes ministerios en la comunidad y diferentes clases de autoridad, todos debemos observar la profunda reverencia debida a cada persona en la comunidad. Ning\u00fan ministerio debe ser visto como superior a otro.<\/p>\n<\/div>\n<\/div>\n<\/div>\n\n\n\n<div data-wp-context=\"{ &quot;autoclose&quot;: false, &quot;accordionItems&quot;: [] }\" data-wp-interactive=\"core\/accordion\" role=\"group\" class=\"wp-block-accordion is-layout-flow wp-block-accordion-is-layout-flow\">\n<div data-wp-class--is-open=\"state.isOpen\" data-wp-context=\"{ &quot;id&quot;: &quot;accordion-item-6&quot;, &quot;openByDefault&quot;: false }\" data-wp-init=\"callbacks.initAccordionItems\" data-wp-on-window--hashchange=\"callbacks.hashChange\" class=\"wp-block-accordion-item is-layout-flow wp-block-accordion-item-is-layout-flow\">\n<h3 class=\"wp-block-accordion-heading has-accent-2-color has-text-color has-link-color has-large-font-size wp-elements-9ff351d6d472a3301bb12586448cec44\"><button aria-expanded=\"false\" aria-controls=\"accordion-item-6-panel\" data-wp-bind--aria-expanded=\"state.isOpen\" data-wp-on--click=\"actions.toggle\" data-wp-on--keydown=\"actions.handleKeyDown\" id=\"accordion-item-6\" type=\"button\" class=\"wp-block-accordion-heading__toggle\"><span class=\"wp-block-accordion-heading__toggle-title\">IV. NUESTRA ESPIRITUALIDAD (28-46)<\/span><span class=\"wp-block-accordion-heading__toggle-icon\" aria-hidden=\"true\">+<\/span><\/button><\/h3>\n\n\n\n<div inert aria-labelledby=\"accordion-item-6\" data-wp-bind--inert=\"!state.isOpen\" id=\"accordion-item-6-panel\" role=\"region\" class=\"wp-block-accordion-panel is-layout-flow wp-block-accordion-panel-is-layout-flow\">\n<p><strong>Lucas 8, 9-15<br>Mateo 16, 24-28<br>Efesios 3, 14-19<\/strong><\/p>\n\n\n\n<p>28. Deseamos vivir vidas de completa entrega interior y obediencia a Jes\u00fas en el Padre y no de farisa\u00edsmo y respetabilidad puramente externa.<\/p>\n\n\n\n<p>29. Respetamos profundamente el don del celibato y la consagraci\u00f3n de hombres y mujeres con los votos de pobreza, castidad y obediencia. Esperamos y oramos para que muchos sean llamados a esa forma sagrada de vida y al don de la ordenaci\u00f3n sacerdotal en la Iglesia.<\/p>\n\n\n\n<p>30. Pero tambi\u00e9n deseamos reconocer, a trav\u00e9s de la consagraci\u00f3n profunda de nuestra consagraci\u00f3n a Jes\u00fas a trav\u00e9s de Mar\u00eda, que la vocaci\u00f3n de la vida de matrimonio y de la vida de solteros es un llamado sagrado de Dios y un llamado profundamente respetado dentro de la Iglesia.<\/p>\n\n\n\n<p>31. De acuerdo con esto deseamos entregar nuestras vidas completamente a Jes\u00fas y consagrar el resto de nuestros d\u00edas al amor y al servicio del Padre.<\/p>\n\n\n\n<p>32. Queremos dar nuestras vidas a Jesucristo para poder vivir total y completamente para el amor del Padre a trav\u00e9s de Jes\u00fas, quien es y que vive dentro de nosotros para mostrarnos el Camino, la Verdad y la Vida.<\/p>\n\n\n\n<p>33. Con Cristo, deseamos vivir vidas de perd\u00f3n y de amor para poder ser testigos de la justificaci\u00f3n de todos en Jes\u00fas.<\/p>\n\n\n\n<p>34. Para que todos podamos ser justificados a trav\u00e9s de la misericordia y el amor de Jes\u00fas, buscamos tener la responsabilidad por nuestras faltas y defectos para que podamos ser perdonados y entrar en la plenitud de la justificaci\u00f3n en Jes\u00fas. Parte de esa responsabilidad es entrar en una responsabilidad mutua, que se ejerce sin un juicio final para que podamos perdonar y ser justificados ante los ojos de unos y otros.<\/p>\n\n\n\n<p>35. Aunque vivimos nuestras vidas en el perd\u00f3n y el amor de Jes\u00fas por todos, reconocemos que todos necesitamos llenar las demandas de la Justicia en y a trav\u00e9s de Jes\u00fas. As\u00ed que el perdonar y amar a alguien no lo exonera de la necesidad de arrepentimiento y penitencia si ha hecho mal a alguien.<\/p>\n\n\n\n<p>36. Nos damos cuenta que todos los dones que recibimos y todo el bien que hacemos vienen de una total dependencia en la Misericordia de Dios. No podemos depender de nuestra propia rectitud o de nuestra propia sensaci\u00f3n de santidad, sino que, por la gracia del Esp\u00edritu, estamos en la generosidad de la Trinidad, hechos rectos y justos por la mediaci\u00f3n compasiva de Nuestro Se\u00f1or y Salvador, Jesucristo.<\/p>\n\n\n\n<p>37. Al llegar a conocernos a trav\u00e9s de la ayuda y mediaci\u00f3n de Jes\u00fas y del Esp\u00edritu Santo, deseamos discernir la diferencia entre el yo falso y el yo aut\u00e9ntico y real que se encuentra en la Palabra de Dios, Nuestro Se\u00f1or Jesucristo.<\/p>\n\n\n\n<p>38. Aunque podemos obtener algo de otras formas de meditaci\u00f3n, tales como la diferencia entre el conocimiento objetivo y el subjetivo, nuestra oraci\u00f3n es siempre en el contexto de un encuentro con Dios a trav\u00e9s de Jes\u00fas y con la ayuda de nuestra Madre, Mar\u00eda.<\/p>\n\n\n\n<p>39. En esa honestidad y transparencia y a trav\u00e9s del don de amor y verdad dados por el Esp\u00edritu y aumentados por la presencia de Mar\u00eda en nuestras vidas, buscamos una transparencia real y genuina entre nosotros y Jes\u00fas. Nuestra oraci\u00f3n entra en el misterio de Dios a trav\u00e9s de Jes\u00fas por el poder del Esp\u00edritu Santo, el misterio de nosotros mismos y el misterio de unos y otros que est\u00e1 m\u00e1s all\u00e1 de las palabras.<\/p>\n\n\n\n<p>40. A medida que pasa el tiempo deseamos liberarnos de los apegos desordenados y de las adicciones que nos separan del amor completo de Dios y de un amor genuino y no ego\u00edsta entre unos y otros.<\/p>\n\n\n\n<p>41. Liberarnos, en el proceso de nuestra vida, de los apegos desordenados y de las adicciones, no puede hacerse simplemente por el poder de nuestra voluntad, sino debe venir a trav\u00e9s de un humilde colocar nuestras faltas en las manos de Jes\u00fas y pidi\u00e9ndole a \u00c9l el poder para superar esas faltas, esos apegos desordenados y esas adicciones.<\/p>\n\n\n\n<p>42. A pesar de ser esa nuestra meta, nos damos cuenta de que debemos de ser pacientes con nosotros mismos, aceptando qui\u00e9nes somos y d\u00f3nde nos encontramos para que la auto condenaci\u00f3n no emponzo\u00f1e nuestras vidas. Sino m\u00e1s bien, a trav\u00e9s de la admisi\u00f3n constante de nuestras faltas ante Jes\u00fas y Mar\u00eda, un constante perdonarnos a nosotros mismos, un intento genuino de perseverar y la admisi\u00f3n humilde de nuestro deseo de ser liberados y de nuestra incapacidad de hacerlo por nosotros mismos, es como gradualmente llegaremos a la libertad que tanto deseamos.<\/p>\n\n\n\n<p>43. Aunque ponemos a Dios y a otros antes que a nosotros, debemos darnos cuenta que encontrar la gracia leg\u00edtima de amarnos a nosotros mismos por amor de Dios es esencial para obedecer el segundo mandamiento de amar a los otros como me amo a m\u00ed mismo.<\/p>\n\n\n\n<p>44. De ese modo, como en el caso de Pedro, el proceso de conversi\u00f3n envuelve un profundo perd\u00f3n y amor para m\u00ed mismo en y a trav\u00e9s de Jes\u00fas y de Mar\u00eda para que el testimonio de ese amor y perd\u00f3n a m\u00ed mismo en nuestra vida sea un testimonio verdadero para nuestra familia y para aquellos por quienes oramos. A menos de que intentemos primero vivir las gracias que pedimos para otros, nuestra vida y nuestro ministerio no ser\u00e1 aut\u00e9ntico.<\/p>\n\n\n\n<p>45. Si no tememos ser honestos con nosotros mismos y al entrar en la verdad de nosotros mismos en la Palabra, para que la imagen nuestra sea la de qui\u00e9n somos realmente, podremos sobreponernos a la falta m\u00e1s grave en la mente de Jes\u00fas, la de la hipocres\u00eda. En la par\u00e1bola del fariseo y el publicano, el profundo y continuo arrepentimiento del publicano lo lleva al profundo amor de Jes\u00fas y eventualmente a un amor leg\u00edtimo por s\u00ed mismo. Mientras que el fariseo ama una imagen falsa de s\u00ed mismo, una imagen de falsa rectitud, la pretensi\u00f3n de que puede alcanzar la perfecci\u00f3n por s\u00ed mismo, que es esencialmente diferente de lo que realmente es. El publicano en su sinceridad y humildad atrae profundamente el amor de Jes\u00fas. Jes\u00fas ama al publicano porque es transparente al revelar su debilidad y su ser real ante Dios. Dios nos contin\u00faa amando a todos, pero no puede amar el s\u00ed mismo fabricado, pretencioso, falso.<\/p>\n\n\n\n<p>46. As\u00ed que una petici\u00f3n profunda y continua al Jes\u00fas de la Misericordia Divina es la fuente de nuestra constante vida en Dios.<\/p>\n<\/div>\n<\/div>\n<\/div>\n\n\n\n<div data-wp-context=\"{ &quot;autoclose&quot;: false, &quot;accordionItems&quot;: [] }\" data-wp-interactive=\"core\/accordion\" role=\"group\" class=\"wp-block-accordion is-layout-flow wp-block-accordion-is-layout-flow\">\n<div data-wp-class--is-open=\"state.isOpen\" data-wp-context=\"{ &quot;id&quot;: &quot;accordion-item-7&quot;, &quot;openByDefault&quot;: false }\" data-wp-init=\"callbacks.initAccordionItems\" data-wp-on-window--hashchange=\"callbacks.hashChange\" class=\"wp-block-accordion-item is-layout-flow wp-block-accordion-item-is-layout-flow\">\n<h3 class=\"wp-block-accordion-heading has-accent-2-color has-text-color has-link-color has-large-font-size wp-elements-c345306de1ef6ac36c432421fba4a834\"><button aria-expanded=\"false\" aria-controls=\"accordion-item-7-panel\" data-wp-bind--aria-expanded=\"state.isOpen\" data-wp-on--click=\"actions.toggle\" data-wp-on--keydown=\"actions.handleKeyDown\" id=\"accordion-item-7\" type=\"button\" class=\"wp-block-accordion-heading__toggle\"><span class=\"wp-block-accordion-heading__toggle-title\">V. OBEDENCIA (47-63)<\/span><span class=\"wp-block-accordion-heading__toggle-icon\" aria-hidden=\"true\">+<\/span><\/button><\/h3>\n\n\n\n<div inert aria-labelledby=\"accordion-item-7\" data-wp-bind--inert=\"!state.isOpen\" id=\"accordion-item-7-panel\" role=\"region\" class=\"wp-block-accordion-panel is-layout-flow wp-block-accordion-panel-is-layout-flow\">\n<p><strong>Mateo 26, 36-46<br>Juan 7, 16-19<\/strong><\/p>\n\n\n\n<p>47. Al abrirnos completamente a Dios bajo la mediaci\u00f3n de Jes\u00fas nos damos cuenta que el sometimiento a Dios nuestro Creador es el sometimiento continuo de nuestra mente, nuestro coraz\u00f3n, nuestro esp\u00edritu y todas nuestras relaciones a \u00c9l.<\/p>\n\n\n\n<p>48. El descubrimiento de nuestro s\u00ed mismo real est\u00e1 en el sometimiento de nuestro amor ego\u00edsta y nuestro inter\u00e9s propio a Dios, Esp\u00edritu Santo para que seamos profundamente purificados.<\/p>\n\n\n\n<p>49. Encontramos qui\u00e9nes somos en el sometimiento de nuestra mente, nuestro coraz\u00f3n y nuestra voluntad a Dios Padre Todopoderoso, Creador y Se\u00f1or. Sin este sometimiento vivimos en un mundo en donde la necesidad de adorar se dirige err\u00f3neamente a la adoraci\u00f3n propia o de otros.<\/p>\n\n\n\n<p>50. Estamos llamados a encontrar la verdad de qui\u00e9nes somos como seres humanos. Esa verdad se vive en la obediencia de nuestra mente, coraz\u00f3n y voluntad al Padre a trav\u00e9s de Jes\u00fas. El descubrimiento de qui\u00e9nes somos es el descubrimiento de la obediencia.<\/p>\n\n\n\n<p>51. Al abrirnos a la profunda obediencia de nuestra mente, nuestro coraz\u00f3n y nuestra voluntad, la oscuridad de nuestra propia voluntad y nuestro ego\u00edsmo es penetrada. Abandonamos el seguimiento de nuestra propia luz para permitir que la luz de Dios entre en nuestra personalidad y nos revele qui\u00e9nes somos en la mente y la voluntad de nuestro Creador.<\/p>\n\n\n\n<p>52. La apertura continua a la obediencia y a la conversi\u00f3n es el camino en el que encontramos a nuestro ser verdadero en Dios y abandonamos el s\u00ed mismo falso para que se disuelva en el error de este mundo.<\/p>\n\n\n\n<p>53. El sometimiento continuo a Jesucristo Nuestro Se\u00f1or tambi\u00e9n incluye el descubrimiento del rebelde dentro de nosotros. Ya sea que ese rebelde venga de nuestra ni\u00f1ez, de nuestra edad adulta o de nuestros ancestros, se nos pide que lo confrontemos, que encontremos la forma de someterlo a Jes\u00fas y de transformar la energ\u00eda de la rebeli\u00f3n en la energ\u00eda de la obediencia.<\/p>\n\n\n\n<p>54. La transformaci\u00f3n de la energ\u00eda de la rebeli\u00f3n es tambi\u00e9n encontrar la rebeld\u00eda leg\u00edtima de Jes\u00fas al pecado, la hipocres\u00eda, el mal, la injusticia y la opresi\u00f3n. Esa rebeld\u00eda surge de una profunda obediencia al Padre y del deseo de mantener la santidad de Su Creaci\u00f3n.<\/p>\n\n\n\n<p>55. En nuestro anhelo de entregarnos completamente a Dios en un continuo abandono de nosotros mismos y de nuestras vidas, debemos pedirle humildemente que nos revele las formas en las que estamos, consciente o inconscientemente resisti\u00e9ndonos a \u00c9l.<\/p>\n\n\n\n<p>56. Si no descubrimos las fuentes de nuestra resistencia a Dios y a la totalidad de nuestra entrega a \u00c9l tanto en nuestra propia voluntad como en nuestras heridas, podemos pretender que lo estamos obedeciendo pero en realidad estamos yendo en contra de \u00c9l.<\/p>\n\n\n\n<p>57. Nuestra resistencia puede ser capricho o complacencia, pero tambi\u00e9n heridas del pasado que han debilitado nuestra confianza en \u00c9l, a\u00f1adidas a una resistencia inconsciente a las s\u00faplicas del amor y del servicio generoso hechas en la profundidad de nuestro coraz\u00f3n por el Esp\u00edritu Santo. La sanaci\u00f3n completa de esas heridas envuelve la restauraci\u00f3n de la confianza en Jes\u00fas y en Dios Padre.<\/p>\n\n\n\n<p>58. El camino de la obediencia es no s\u00f3lo el de nuestra obediencia a la continua revelaci\u00f3n de nuestra conciencia interior en su relaci\u00f3n con la Palabra de Dios, sino en la humilde sumisi\u00f3n de nuestra voluntad a Jes\u00fas en Su Iglesia.<\/p>\n\n\n\n<p>59. La autoridad de la Sociedad est\u00e1 cimentada en la sumisi\u00f3n al Director apost\u00f3lico en turno de la Sociedad de Nuestra Se\u00f1ora de Guadalupe y a los obispos particulares en el lugar donde se encuentren los Centros de Oraci\u00f3n.<\/p>\n\n\n\n<p>60. Para no ser v\u00edctimas del autoenga\u00f1o en el discernimiento de la voluntad de Dios, estamos llamados a ser responsables y obedecer a la Iglesia y a la Sociedad de Nuestra Se\u00f1ora de Guadalupe y a aquellos en posiciones de responsabilidad en la Sociedad.<\/p>\n\n\n\n<p>61. En nuestra obediencia hacia aquellos con autoridad en la Sociedad de Nuestra Se\u00f1ora de Guadalupe, encontramos la manifestaci\u00f3n concreta de nuestro profundo deseo de obedecer la Voluntad Divina y de sobreponernos a nuestra propia voluntad.<\/p>\n\n\n\n<p>62. Aunque nuestro compromiso sea el de obedecer, habr\u00e1 no obstante ocasiones en las que se nos pida hacer algo que viola la ley de Dios o un prohibici\u00f3n fuerte de nuestra conciencia. Debemos informar a la persona en autoridad para que, si es el caso, se pueda llegar a un arreglo que satisfaga la autoridad de la Sociedad y la conciencia individual de la persona involucrada.<\/p>\n\n\n\n<p>63. Aquellas personas con autoridad en la Sociedad deber\u00e1n tener cuidado de consultar con los miembros de la misma en el caso de tener que tomar una decisi\u00f3n. Aunque necesitan la libertad para ejercer el poder del liderazgo y de la autoridad, deben tener cuidado de evitar cualquier tipo de dominio o exceso de control.<\/p>\n<\/div>\n<\/div>\n<\/div>\n\n\n\n<div data-wp-context=\"{ &quot;autoclose&quot;: false, &quot;accordionItems&quot;: [] }\" data-wp-interactive=\"core\/accordion\" role=\"group\" class=\"wp-block-accordion is-layout-flow wp-block-accordion-is-layout-flow\">\n<div data-wp-class--is-open=\"state.isOpen\" data-wp-context=\"{ &quot;id&quot;: &quot;accordion-item-8&quot;, &quot;openByDefault&quot;: false }\" data-wp-init=\"callbacks.initAccordionItems\" data-wp-on-window--hashchange=\"callbacks.hashChange\" class=\"wp-block-accordion-item is-layout-flow wp-block-accordion-item-is-layout-flow\">\n<h3 class=\"wp-block-accordion-heading has-accent-2-color has-text-color has-link-color has-large-font-size wp-elements-9e66f9a0ebe84c2b062c2c1cde01dd37\"><button aria-expanded=\"false\" aria-controls=\"accordion-item-8-panel\" data-wp-bind--aria-expanded=\"state.isOpen\" data-wp-on--click=\"actions.toggle\" data-wp-on--keydown=\"actions.handleKeyDown\" id=\"accordion-item-8\" type=\"button\" class=\"wp-block-accordion-heading__toggle\"><span class=\"wp-block-accordion-heading__toggle-title\">VI. POBREZA (64-86)<\/span><span class=\"wp-block-accordion-heading__toggle-icon\" aria-hidden=\"true\">+<\/span><\/button><\/h3>\n\n\n\n<div inert aria-labelledby=\"accordion-item-8\" data-wp-bind--inert=\"!state.isOpen\" id=\"accordion-item-8-panel\" role=\"region\" class=\"wp-block-accordion-panel is-layout-flow wp-block-accordion-panel-is-layout-flow\">\n<p><strong>Mateo 5, 3 Mateo 6,19-22. 24<br>Mateo 19, 30<br>Santiago 2, 1-9<br>1\u00aa Corintios 3, 9<\/strong><\/p>\n\n\n\n<p>64. Pobreza es el reconocimiento de que el apego desmedido a las cosas materiales puede producir una profunda enfermedad de avaricia, glotoner\u00eda y posesividad en la persona.<\/p>\n\n\n\n<p>65. Pobreza es el soltar los apegos desordenados a las cosas materiales para que no nos separen de Dios y de los dem\u00e1s.<\/p>\n\n\n\n<p>66. Pobreza de esp\u00edritu es reconocer que mientras m\u00e1s pobre soy en esp\u00edritu, m\u00e1s cerca puedo estar de Dios y m\u00e1s libre puedo ser en relaci\u00f3n con los dem\u00e1s y es tambi\u00e9n la clave para mi propia libertad interior.<\/p>\n\n\n\n<p>67. Mientras m\u00e1s rico trato de ser personalmente poseyendo dinero y cosas materiales, m\u00e1s dejo fuera a Dios y a los otros, los convierto en objetos, y mientras m\u00e1s me veo como un producto o una cosa, m\u00e1s bloqueo mi camino como persona o como hijo o hija de Dios.<\/p>\n\n\n\n<p>68. Al entrar en la generosidad con respecto a las cosas que poseo y en todas las otras \u00e1reas de mi vida, m\u00e1s puede el Se\u00f1or ser generoso conmigo en darme lo que necesito surgiendo de Su gran abundancia.<\/p>\n\n\n\n<p>69. Mientras m\u00e1s entro en la mezquindad y la taca\u00f1er\u00eda menos proveer\u00e1 el Se\u00f1or para m\u00ed.<\/p>\n\n\n\n<p>70. La pobreza pide que tanto legal como personalmente, aunque yo pueda presentar mis necesidades al Centro de Oraci\u00f3n y ellos vean qu\u00e9 se puede hacer, yo, de ninguna manera ver\u00e9 al Centro de Oraci\u00f3n como un lugar para hacer dinero o hacerme rico.<\/p>\n\n\n\n<p>71. Para poder conservar los Centros de Oraci\u00f3n como lugares donde se viva la pobreza, los directores, los ministros y los trabajadores no deben poseer ninguna propiedad de los Centros, oficinas, o bienes.<\/p>\n\n\n\n<p>72. Si acaso, el Centro de Oraci\u00f3n debe ser un lugar donde cada uno pueda considerar sus necesidades leg\u00edtimas y las pueda satisfacer, es un lugar donde cada uno, individual y corporativamente se encuentren pobres delante del Se\u00f1or.<\/p>\n\n\n\n<p>73. Pobreza es aceptar la responsabilidad fiscal para mi familia y para el Centro de Oraci\u00f3n.<\/p>\n\n\n\n<p>74. Para realizar el trabajo que tengo que hacer en el Centro de Oraci\u00f3n, puedo presentar mis necesidades econ\u00f3micas al Centro para poder tener m\u00e1s libertad para ejercer mi trabajo con responsabilidad.<\/p>\n\n\n\n<p>75. Solamente si el Centro tiene los medios para ayudar y considera que la petici\u00f3n es sincera y honesta podr\u00e1 responder a \u00e9sta.<\/p>\n\n\n\n<p>76. Mientras m\u00e1s deseo servir al pobre, m\u00e1s podr\u00e9 ser sanado yo mismo.<\/p>\n\n\n\n<p>77. Pobreza es permitir a una persona la separaci\u00f3n y soledad que necesita para crecer.<\/p>\n\n\n\n<p>78. Pobreza es entrar en mi propia soledad y confrontar mi propio aislamiento para poder crecer.<\/p>\n\n\n\n<p>79. Para ejercer la pobreza se demanda que ejerzamos responsabilidad y propiedad sobre nuestras vidas.<\/p>\n\n\n\n<p>80. Una pobreza madura es continuar sometiendo nuestra responsabilidad y propiedad en el proceso de ejercerla.<\/p>\n\n\n\n<p>81. Pobreza es darme cuenta gradualmente de mis necesidades reales, presentarle esas necesidades al Se\u00f1or y hacer la diferencia entre esas necesidades y las necesidades falsas o los deseos que me he creado yo mismo.<\/p>\n\n\n\n<p>82.Si estoy en lugar de pobreza real, cuando no puedo cubrir alguna de mis necesidades leg\u00edtimas, o tengo hambre o me siento derrumbado, puedo usar esa pobreza como el lugar profundo para entrar en la cruz de Cristo quien careci\u00f3 de todas sus necesidades leg\u00edtimas en la Cruz.<\/p>\n\n\n\n<p>83. Pobreza es la aceptaci\u00f3n de la cruz que Dios permite en esta vida.<\/p>\n\n\n\n<p>84. Pobreza es acompa\u00f1ar y tener compasi\u00f3n de aquellos que han sido privados injustamente de sus leg\u00edtimas necesidades.<\/p>\n\n\n\n<p>85. Pobreza es la aceptaci\u00f3n de la cruz de la vejez, de la enfermedad o la debilitaci\u00f3n y a medida que mi pobreza crece a medida que transcurre la vida, mi creciente dependencia de otros puede ser una forma de entregar mi esp\u00edritu completamente en las manos de Dios.<\/p>\n\n\n\n<p>86. Al vivir una mayor pobreza de esp\u00edritu y un mayor desprendimiento en el Se\u00f1or, las riquezas del momento presente, de la gracia, de la palabra que nos rodea con la presencia de Dios, las riquezas del reino de Dios, se hacen m\u00e1s reales y presentes para nosotros. Pobreza es aquello exterior o interior que nos impide estar cerca de Jes\u00fas. No significa renunciar a todo lo que poseo, sino saberlo usar y compartir.<\/p>\n<\/div>\n<\/div>\n<\/div>\n\n\n\n<div data-wp-context=\"{ &quot;autoclose&quot;: false, &quot;accordionItems&quot;: [] }\" data-wp-interactive=\"core\/accordion\" role=\"group\" class=\"wp-block-accordion is-layout-flow wp-block-accordion-is-layout-flow\">\n<div data-wp-class--is-open=\"state.isOpen\" data-wp-context=\"{ &quot;id&quot;: &quot;accordion-item-9&quot;, &quot;openByDefault&quot;: false }\" data-wp-init=\"callbacks.initAccordionItems\" data-wp-on-window--hashchange=\"callbacks.hashChange\" class=\"wp-block-accordion-item is-layout-flow wp-block-accordion-item-is-layout-flow\">\n<h3 class=\"wp-block-accordion-heading has-accent-2-color has-text-color has-link-color has-large-font-size wp-elements-96a9776f554b5a99cf700d22deffab4e\"><button aria-expanded=\"false\" aria-controls=\"accordion-item-9-panel\" data-wp-bind--aria-expanded=\"state.isOpen\" data-wp-on--click=\"actions.toggle\" data-wp-on--keydown=\"actions.handleKeyDown\" id=\"accordion-item-9\" type=\"button\" class=\"wp-block-accordion-heading__toggle\"><span class=\"wp-block-accordion-heading__toggle-title\">VII. POBREZA EN LA VIDA FAMILIAR (87-94)<\/span><span class=\"wp-block-accordion-heading__toggle-icon\" aria-hidden=\"true\">+<\/span><\/button><\/h3>\n\n\n\n<div inert aria-labelledby=\"accordion-item-9\" data-wp-bind--inert=\"!state.isOpen\" id=\"accordion-item-9-panel\" role=\"region\" class=\"wp-block-accordion-panel is-layout-flow wp-block-accordion-panel-is-layout-flow\">\n<p><strong>Juan 17<br>Efesios 6, 1-4<br>Efesios 3, 14-15<\/strong><\/p>\n\n\n\n<p>87. Pobreza en la vida familiar es dejar a Dios en el centro de la familia.<\/p>\n\n\n\n<p>88. Pobreza es el ejercicio de la administraci\u00f3n y la paternidad como venido del Se\u00f1or y no temer su ejercicio.<\/p>\n\n\n\n<p>89. Pobreza madura es el sometimiento total de esa administraci\u00f3n y de los roles parentales mientras se ejercen.<\/p>\n\n\n\n<p>90. Pobreza es el continuo ejercicio del amor y el perd\u00f3n en la vida familiar.<\/p>\n\n\n\n<p>91. Pobreza en la vida familiar es el darse cuenta de que muchas veces no tenemos la capacidad o el derecho de hablar a nuestros hijos o nietos. Habr\u00e1 ocasiones en que debemos hacerlo o debemos disciplinar, pero otras debemos dejarlos sufrir o cometer errores que son visibles para nosotros y acerca de los cuales no podemos hacer nada m\u00e1s que orar y ofrecer nuestra vida por ellos.<\/p>\n\n\n\n<p>92. Al vivir una pobreza de esp\u00edritu m\u00e1s profunda y un desprendimiento m\u00e1s fuerte en el Se\u00f1or, las riquezas del presente momento, de la gracia y del mundo que nos rodea con la presencia de Dios, las riquezas del reino de Dios se hacen m\u00e1s presentes para nosotros.<\/p>\n\n\n\n<p>93. Pobreza es el sometimiento de la familia a Dios, la consagraci\u00f3n de nuestra familia a \u00c9l para que Dios pueda tomar posesi\u00f3n de ella.<\/p>\n\n\n\n<p>94. A trav\u00e9s de mi sometimiento personal del control y el poder sobre mi familia, le permito a Dios que me use como canal de gracia para mi familia y para que fortalezca tanto mi administraci\u00f3n como la de cada miembro de mi familia.<\/p>\n<\/div>\n<\/div>\n<\/div>\n\n\n\n<div data-wp-context=\"{ &quot;autoclose&quot;: false, &quot;accordionItems&quot;: [] }\" data-wp-interactive=\"core\/accordion\" role=\"group\" class=\"wp-block-accordion is-layout-flow wp-block-accordion-is-layout-flow\">\n<div data-wp-class--is-open=\"state.isOpen\" data-wp-context=\"{ &quot;id&quot;: &quot;accordion-item-10&quot;, &quot;openByDefault&quot;: false }\" data-wp-init=\"callbacks.initAccordionItems\" data-wp-on-window--hashchange=\"callbacks.hashChange\" class=\"wp-block-accordion-item is-layout-flow wp-block-accordion-item-is-layout-flow\">\n<h3 class=\"wp-block-accordion-heading has-accent-2-color has-text-color has-link-color has-large-font-size wp-elements-6ab5a83c79b2d99d5ede8f3099512c3f\"><button aria-expanded=\"false\" aria-controls=\"accordion-item-10-panel\" data-wp-bind--aria-expanded=\"state.isOpen\" data-wp-on--click=\"actions.toggle\" data-wp-on--keydown=\"actions.handleKeyDown\" id=\"accordion-item-10\" type=\"button\" class=\"wp-block-accordion-heading__toggle\"><span class=\"wp-block-accordion-heading__toggle-title\">VIII. CASTIDAD (95-103)<\/span><span class=\"wp-block-accordion-heading__toggle-icon\" aria-hidden=\"true\">+<\/span><\/button><\/h3>\n\n\n\n<div inert aria-labelledby=\"accordion-item-10\" data-wp-bind--inert=\"!state.isOpen\" id=\"accordion-item-10-panel\" role=\"region\" class=\"wp-block-accordion-panel is-layout-flow wp-block-accordion-panel-is-layout-flow\">\n<p><strong>Mateo 15, 19<br>G\u00e1latas 5, 16-26<br>1\u00aa Corintios 3, 16<\/strong><\/p>\n\n\n\n<p>95. Estamos llamados a tener un profundo respeto y reverencia hacia cada persona que conocemos, cada persona por la que oramos, cada persona con la que nos asociamos.<\/p>\n\n\n\n<p>96. Jes\u00fas es el Salvador y el \u00fanico que puede preservar completamente nuestra personalidad. Nosotros estamos llamados a ayudar a las personas, no a salvarlas.<\/p>\n\n\n\n<p>97. Estamos llamados a ayudar a las personas a preservar su libertad no a oprimirlas.<\/p>\n\n\n\n<p>98. Estamos llamados a respetar la libertad, el espacio y los l\u00edmites de otras personas.<\/p>\n\n\n\n<p>99. Aunque todos necesitamos relaciones y amistados profundas, necesitamos adorar solamente a Dios y a no establecer relaciones de dependencia que son una forma sutil de adoraci\u00f3n de unos a otros y disminuye severamente la libertad leg\u00edtima y la personalidad de la otra persona.<\/p>\n\n\n\n<p>100. Aunque estamos llamados a ejercer las responsabilidades que la comunidad nos otorgue debemos darnos cuenta de que no debemos oprimir o limitar la libertad leg\u00edtima de otra persona intentando controlarla o dejando que nos controle.<\/p>\n\n\n\n<p>101. Estamos llamados a responder a las personas y a tratar de no reaccionar por nuestras adicciones o nuestra ira o irritabilidad.<\/p>\n\n\n\n<p>102. Debemos reconocer que nuestros cuerpos son templos del Esp\u00edritu Santo. Perder la reverencia hacia otros y establecer relaciones de dependencia sexual que resulten en fornicaci\u00f3n, adulterio o manipulaci\u00f3n, ser\u00eda violar la libertad sagrada y el cuerpo sagrado de otro.<\/p>\n\n\n\n<p>103. Por nuestra reverencia hacia la masculinidad y feminidad de unos y otros y la afirmaci\u00f3n de esa masculinidad y feminidad, podemos ayudarnos a desarrollar un respeto sano y santo por nuestra sexualidad.<\/p>\n<\/div>\n<\/div>\n<\/div>\n\n\n\n<div data-wp-context=\"{ &quot;autoclose&quot;: false, &quot;accordionItems&quot;: [] }\" data-wp-interactive=\"core\/accordion\" role=\"group\" class=\"wp-block-accordion is-layout-flow wp-block-accordion-is-layout-flow\">\n<div data-wp-class--is-open=\"state.isOpen\" data-wp-context=\"{ &quot;id&quot;: &quot;accordion-item-11&quot;, &quot;openByDefault&quot;: false }\" data-wp-init=\"callbacks.initAccordionItems\" data-wp-on-window--hashchange=\"callbacks.hashChange\" class=\"wp-block-accordion-item is-layout-flow wp-block-accordion-item-is-layout-flow\">\n<h3 class=\"wp-block-accordion-heading has-accent-2-color has-text-color has-link-color has-large-font-size wp-elements-e53f39023a5a878ee0b6b446e9af4e01\"><button aria-expanded=\"false\" aria-controls=\"accordion-item-11-panel\" data-wp-bind--aria-expanded=\"state.isOpen\" data-wp-on--click=\"actions.toggle\" data-wp-on--keydown=\"actions.handleKeyDown\" id=\"accordion-item-11\" type=\"button\" class=\"wp-block-accordion-heading__toggle\"><span class=\"wp-block-accordion-heading__toggle-title\">IX. HUMILDAD (104-120)<\/span><span class=\"wp-block-accordion-heading__toggle-icon\" aria-hidden=\"true\">+<\/span><\/button><\/h3>\n\n\n\n<div inert aria-labelledby=\"accordion-item-11\" data-wp-bind--inert=\"!state.isOpen\" id=\"accordion-item-11-panel\" role=\"region\" class=\"wp-block-accordion-panel is-layout-flow wp-block-accordion-panel-is-layout-flow\">\n<p><strong>Lucas 14, 12-14<br>Juan 17, 7-10<br>Isa\u00edas 53, 1-7<br>Marcos 9, 34<br>Filipenses 2<\/strong><\/p>\n\n\n\n<p>104. A medida que experimentamos nuestro pecado y nuestra fragilidad en nuestra vida ordinaria, as\u00ed tambi\u00e9n experimentamos la profundidad de Su misericordia en nuestra vida diaria.<\/p>\n\n\n\n<p>105. Debemos estar siempre alertas de los peligros del orgullo y de la soberbia espiritual, as\u00ed que necesitamos recordarnos que nosotros, que experimentamos nuestro pecado m\u00e1s profundamente que los dem\u00e1s, somos los m\u00e1s necesitados de Su misericordia.<\/p>\n\n\n\n<p>106. Recobramos el sentido profundo del amor de Dios por nosotros no porque seamos m\u00e1s que otros sino por ser menos que otros.<\/p>\n\n\n\n<p>107. Habiendo admitido nuestra profunda necesidad de misericordia y amor, experimentamos Su profundo amor y misericordia personal en nuestros corazones individuales.<\/p>\n\n\n\n<p>108. No es en el tiempo de la perfecci\u00f3n y del poder, sino en el tiempo y en la profundidad de nuestra humildad, la humildad de Mar\u00eda, nuestra Madre, que hemos sido amados misericordiosamente una y otra vez en la profundidad de nuestro ser.<\/p>\n\n\n\n<p>109. Hemos sido llevados a esta humildad, que es el don de Nuestra Se\u00f1ora, por las aflicciones y la cruz que se nos ha pedido llevar.<\/p>\n\n\n\n<p>110. Deseamos estar constantemente pendientes de los peligros recurrentes del orgullo espiritual, del altar interior donde secretamente veneramos el \u00eddolo de nosotros mismos y nos damos la veneraci\u00f3n por las cosas que somos o hacemos. As\u00ed alejamos de nosotros la gratitud y alabanza a Dios, lo cual puede llenarnos de gran gozo.<\/p>\n\n\n\n<p>111. Aunque debemos tener un profundo amor hacia nosotros mismos en Dios, y un conocimiento adecuado de lo que hemos hecho, debemos darnos cuenta, con profunda humildad, de que sin Dios no podemos ser ni hacer nada.<\/p>\n\n\n\n<p>112. Para ayudar a los afligidos y a aquellos que llevan la cruz en una forma extraordinaria, hemos experimentado nosotros la aflicci\u00f3n y la carga de la cruz.<\/p>\n\n\n\n<p>113. Si Dios permite m\u00e1s aflicci\u00f3n y sufrimiento, algo que no pedimos, pero recibimos, sabemos que se nos han dado como un poder de intercesi\u00f3n para el ministerio y una forma de entender y empatizar con aquellos que llegan a buscarnos.<\/p>\n\n\n\n<p>114. Para ayudar a los que est\u00e1n heridos, tambi\u00e9n hemos sufrido por nuestras heridas.<\/p>\n\n\n\n<p>115. Llevamos las heridas de Cristo en nuestro propio cuerpo, para que aquellos que han recibido heridas similares puedan darse cuenta de que nosotros tambi\u00e9n hemos sido heridos. En el compartir (no proyectar o cargar al otro) de las heridas de Cristo, encontramos el proceso continuo de la aceptaci\u00f3n mutua de las heridas del cuerpo quebrantado de Cristo y de una sanaci\u00f3n eventual.<\/p>\n\n\n\n<p>116. Aunque estamos aprendiendo a ser muy competentes en nuestra profesi\u00f3n de orar por las personas que se acercan a nosotros para ser sanadas, no estamos haci\u00e9ndolo desde una situaci\u00f3n de superioridad sino de humildad como hermanos y hermanas que han experimentado las heridas de Cristo en nuestro propio cuerpo.<\/p>\n\n\n\n<p>117. Aunque aquellos que vienen a nosotros deben confiar en que tenemos las herramientas necesarias de oraci\u00f3n y consejo y madurez para ayudarlos, no debemos proyectar nunca una simple relaci\u00f3n de doctor-paciente. As\u00ed el cliente piensa de s\u00ed mismo como que es el herido y nosotros los completamente sanados, lo cual es una ilusi\u00f3n mutua.<\/p>\n\n\n\n<p>118. El cliente y el director espiritual o ministro de oraci\u00f3n pueden enga\u00f1arse pensando que la sanaci\u00f3n real se da por un proceso de auto perfeccionamiento m\u00e1s que por la humildad personal y el perd\u00f3n.<\/p>\n\n\n\n<p>119. S\u00f3lo siendo realistas acerca del lugar continuo de la Misericordia de Dios en nuestras vidas es como podemos ayudar al cliente a que acepte humildemente ese perd\u00f3n y esa Misericordia en su vida.<\/p>\n\n\n\n<p>120. Habiendo experimentado la misericordia de Dios en nuestras propias vidas y continuamos experiment\u00e1ndola, podemos ser testigos de esa misericordia en las vidas de los dem\u00e1s.<\/p>\n<\/div>\n<\/div>\n<\/div>\n\n\n\n<div data-wp-context=\"{ &quot;autoclose&quot;: false, &quot;accordionItems&quot;: [] }\" data-wp-interactive=\"core\/accordion\" role=\"group\" class=\"wp-block-accordion is-layout-flow wp-block-accordion-is-layout-flow\">\n<div data-wp-class--is-open=\"state.isOpen\" data-wp-context=\"{ &quot;id&quot;: &quot;accordion-item-12&quot;, &quot;openByDefault&quot;: false }\" data-wp-init=\"callbacks.initAccordionItems\" data-wp-on-window--hashchange=\"callbacks.hashChange\" class=\"wp-block-accordion-item is-layout-flow wp-block-accordion-item-is-layout-flow\">\n<h3 class=\"wp-block-accordion-heading has-accent-2-color has-text-color has-link-color has-large-font-size wp-elements-1772611d9b72449b3004a67d25126fee\"><button aria-expanded=\"false\" aria-controls=\"accordion-item-12-panel\" data-wp-bind--aria-expanded=\"state.isOpen\" data-wp-on--click=\"actions.toggle\" data-wp-on--keydown=\"actions.handleKeyDown\" id=\"accordion-item-12\" type=\"button\" class=\"wp-block-accordion-heading__toggle\"><span class=\"wp-block-accordion-heading__toggle-title\">X. EUCARISTIA (121-135)<\/span><span class=\"wp-block-accordion-heading__toggle-icon\" aria-hidden=\"true\">+<\/span><\/button><\/h3>\n\n\n\n<div inert aria-labelledby=\"accordion-item-12\" data-wp-bind--inert=\"!state.isOpen\" id=\"accordion-item-12-panel\" role=\"region\" class=\"wp-block-accordion-panel is-layout-flow wp-block-accordion-panel-is-layout-flow\">\n<p><strong>Mateo 26, 26-29<br>Juan 6, 25-58<\/strong><\/p>\n\n\n\n<p>121. Es un lugar y un evento donde podemos ser tocados y transformados en nuestro cuerpo y en nuestro esp\u00edritu, un encuentro donde Dios y el hombre se encuentran en el Cuerpo de Cristo y en nuestro propio cuerpo, para que el proceso de transformaci\u00f3n en Cristo se pueda dar plenamente en nuestro cuerpo y en nuestro esp\u00edritu.<\/p>\n\n\n\n<p>122. La Eucarist\u00eda es un encuentro donde los hombres y mujeres pueden encontrarse plenamente con el Redentor cada d\u00eda de sus vidas.<\/p>\n\n\n\n<p>123. Un encuentro donde Jes\u00fas puede transformar la responsabilidad plena que hombres y mujeres toman de sus propias vidas, en la vida y la obra del Esp\u00edritu.<\/p>\n\n\n\n<p>124. Un lugar donde el quebranto de hombres y mujeres en su cuerpo, alma y esp\u00edritu, en el cuerpo de Cristo puede encontrar sanaci\u00f3n y el poder integrador del Esp\u00edritu.<\/p>\n\n\n\n<p>125. Un lugar donde el pobre puede ir, donde el adicto, el oprimido, el de coraz\u00f3n roto, el abusado y el pecador pueden ir para encontrar una reconciliaci\u00f3n profunda con Dios y consigo mismos, as\u00ed como la gracia y la energ\u00eda para buscar la reconciliaci\u00f3n con los dem\u00e1s.<\/p>\n\n\n\n<p>126. Un lugar donde aquellos que han sufrido injusticia y rechazo pueden ir y encontrar la fuerza para ser sanados y para buscar la energ\u00eda y la sabidur\u00eda para lidiar con esa injusticia y ese rechazo.<\/p>\n\n\n\n<p>127. Un lugar y un encuentro donde todos pueden encontrar sentido y entendimiento con respecto a su propio sufrimiento y el de aquellos a quienes aman.<\/p>\n\n\n\n<p>128. Un encuentro donde podemos venir a reconocer que somos el pueblo de Dios, el cuerpo de Cristo y una comunidad alimentada por el Esp\u00edritu de Dios.<\/p>\n\n\n\n<p>129. Un lugar y un encuentro donde el quebranto del cuerpo de la comunidad puede ser sanado por el cuerpo quebrantado y resucitado de Jes\u00fas.<\/p>\n\n\n\n<p>130. Donde el crecimiento y la purificaci\u00f3n de las relaciones se pueden dar por la acci\u00f3n m\u00edstica del cuerpo y la sangre de Jes\u00fas en el cuerpo y sangre de la comunidad. Entramos en la Palabra de Dios en Jesucristo, y por lo tanto entramos en la vida eterna y la profunda absorci\u00f3n de nuestra humanidad en la humanidad de Jes\u00fas. En esa asimilaci\u00f3n, nos convertimos en la persona que realmente somos en el Esp\u00edritu Santo.<\/p>\n\n\n\n<p>131. Fortalecidos por el profundo alimento del cuerpo y la sangre de Jes\u00fas somos enviados por el Esp\u00edritu para cumplir la voluntad de Dios y Su misi\u00f3n para nosotros en nuestra vida diaria.<\/p>\n\n\n\n<p>132. Donde la oraci\u00f3n y la petici\u00f3n de arrepentimiento y perd\u00f3n por los pecados de nuestros ancestros pueden sanar y redimir los pecados de generaciones pasadas y de nuestro propio pasado para que podamos ser liberados de las vicisitudes del pasado en nuestro presente y nuestro futuro.<\/p>\n\n\n\n<p>133. Un lugar donde podemos orar en adoraci\u00f3n y comuni\u00f3n con Jes\u00fas delante del Padre con los \u00e1ngeles y los santos que nos han precedido.<\/p>\n\n\n\n<p>134. Al transformarse el pan y el vino en el Cuerpo y Sangre de Jes\u00fas, y el cuerpo y Sangre de Jes\u00fas son asimilados en nuestro propio cuerpo, as\u00ed nosotros somos asimilados y transformados en la persona de Jes\u00fas.<\/p>\n\n\n\n<p>135. Somos animados a ir a la Eucarist\u00eda diariamente, o tan seguido como sea posible.<\/p>\n<\/div>\n<\/div>\n<\/div>\n\n\n\n<div data-wp-context=\"{ &quot;autoclose&quot;: false, &quot;accordionItems&quot;: [] }\" data-wp-interactive=\"core\/accordion\" role=\"group\" class=\"wp-block-accordion is-layout-flow wp-block-accordion-is-layout-flow\">\n<div data-wp-class--is-open=\"state.isOpen\" data-wp-context=\"{ &quot;id&quot;: &quot;accordion-item-13&quot;, &quot;openByDefault&quot;: false }\" data-wp-init=\"callbacks.initAccordionItems\" data-wp-on-window--hashchange=\"callbacks.hashChange\" class=\"wp-block-accordion-item is-layout-flow wp-block-accordion-item-is-layout-flow\">\n<h3 class=\"wp-block-accordion-heading has-accent-2-color has-text-color has-link-color has-large-font-size wp-elements-e00c948c6606ba641922c71912a24363\"><button aria-expanded=\"false\" aria-controls=\"accordion-item-13-panel\" data-wp-bind--aria-expanded=\"state.isOpen\" data-wp-on--click=\"actions.toggle\" data-wp-on--keydown=\"actions.handleKeyDown\" id=\"accordion-item-13\" type=\"button\" class=\"wp-block-accordion-heading__toggle\"><span class=\"wp-block-accordion-heading__toggle-title\">XI. SANTISIMO SACRAMENTO (136-147)<\/span><span class=\"wp-block-accordion-heading__toggle-icon\" aria-hidden=\"true\">+<\/span><\/button><\/h3>\n\n\n\n<div inert aria-labelledby=\"accordion-item-13\" data-wp-bind--inert=\"!state.isOpen\" id=\"accordion-item-13-panel\" role=\"region\" class=\"wp-block-accordion-panel is-layout-flow wp-block-accordion-panel-is-layout-flow\">\n<p><strong>Salmo 150<br>Salmo 63, 1-4<br>Mateo 11, 28-30<br>1 Samuel 38-10<\/strong><\/p>\n\n\n\n<p>136. En la reserva y la exposici\u00f3n del Sant\u00edsimo Sacramento encontramos el signo seguro de la presencia de Cristo a Su cuerpo quebrantado, a los abusados, dolientes, deprimidos, a los de coraz\u00f3n roto, los discapacitados y los enfermos mentales.<\/p>\n\n\n\n<p>137. En el Sant\u00edsimo Sacramento encontramos un continuo y siempre presente oasis para todos los hombres y mujeres, para que aquellos que han sufrido injusticias, rechazo y heridas dif\u00edciles de sobrellevar, puedan encontrar un lugar de sanaci\u00f3n, transformaci\u00f3n y paz.<\/p>\n\n\n\n<p>138. En la contemplaci\u00f3n frente al Sant\u00edsimo Sacramento encontramos el lugar de inspiraci\u00f3n y energ\u00eda para enfrentar las dificultades de nuestra vida y descubrir la forma de crecer continuamente en el Esp\u00edritu.<\/p>\n\n\n\n<p>139. En el encuentro continuo cara a cara con Jes\u00fas en el Sant\u00edsimo Sacramento encontramos el profundo y honesto descubrimiento de nuestro propio ser delante de Cristo, quien como la Palabra de Dios, puede reflejarnos lentamente qui\u00e9nes somos realmente.<\/p>\n\n\n\n<p>140. Para aquellos que viven el desierto y la gran oscuridad de las etapas de la vida espiritual, donde s\u00f3lo la fe desnuda es suficiente, el Sant\u00edsimo Sacramento es el lugar de consolaci\u00f3n y alivio del s\u00ed mismo y un apoyo profundo para fortalecer ese don de fe al cual se le ha quitado casi todo lo dem\u00e1s.<\/p>\n\n\n\n<p>141. La Presencia Eterna de Cristo en el Sant\u00edsimo Sacramento es un recordatorio profundo de la presencia de Dios en todos los eventos de nuestra vida, tanto positivos como negativos.<\/p>\n\n\n\n<p>142. Un lugar donde se da una profunda comuni\u00f3n entre el Cuerpo de Jes\u00fas en el tabern\u00e1culo y el cuerpo, mente y esp\u00edritu del que est\u00e1 en adoraci\u00f3n y oraci\u00f3n.<\/p>\n\n\n\n<p>143. Un recordatorio constante de la profunda humildad y alabanza que debe ser mi constante relaci\u00f3n con el Padre.<\/p>\n\n\n\n<p>144. Un lugar de sanaci\u00f3n de nuestros cuerpos y un lugar de consolaci\u00f3n y entendimiento cuando no hemos sido sanados.<\/p>\n\n\n\n<p>145. Estar presentes como comunidad ante el Sant\u00edsimo Sacramento para que las relaciones de ese Cuerpo de Cristo en particular y el Cuerpo total puedan ser sanados y puedan crecer.<\/p>\n\n\n\n<p>146. Estar presentes ante el Sant\u00edsimo Sacramento es estar en intercesi\u00f3n por el cuerpo quebrantado del mundo, orar para que la salvaci\u00f3n de Jesucristo llegue a todo el mundo y para que la paz y la justicia entren en el mundo.<\/p>\n\n\n\n<p>147. Estar presente ante el Sant\u00edsimo Sacramento es experimentar el profundo \u00edmpetu de la llamada del Esp\u00edritu para responder a las necesidades del pueblo de Dios y actuar para llevar la presencia de Jes\u00fas concretamente a las vidas de todos y a trav\u00e9s de esa presencia llevar paz y justicia al mundo.<\/p>\n<\/div>\n<\/div>\n<\/div>\n\n\n\n<div data-wp-context=\"{ &quot;autoclose&quot;: false, &quot;accordionItems&quot;: [] }\" data-wp-interactive=\"core\/accordion\" role=\"group\" class=\"wp-block-accordion is-layout-flow wp-block-accordion-is-layout-flow\">\n<div data-wp-class--is-open=\"state.isOpen\" data-wp-context=\"{ &quot;id&quot;: &quot;accordion-item-14&quot;, &quot;openByDefault&quot;: false }\" data-wp-init=\"callbacks.initAccordionItems\" data-wp-on-window--hashchange=\"callbacks.hashChange\" class=\"wp-block-accordion-item is-layout-flow wp-block-accordion-item-is-layout-flow\">\n<h3 class=\"wp-block-accordion-heading has-accent-2-color has-text-color has-link-color has-large-font-size wp-elements-677a2525b8e6daa922cacfc8049921b7\"><button aria-expanded=\"false\" aria-controls=\"accordion-item-14-panel\" data-wp-bind--aria-expanded=\"state.isOpen\" data-wp-on--click=\"actions.toggle\" data-wp-on--keydown=\"actions.handleKeyDown\" id=\"accordion-item-14\" type=\"button\" class=\"wp-block-accordion-heading__toggle\"><span class=\"wp-block-accordion-heading__toggle-title\">XII. NUESTRAS RELACIONES (148-155)<\/span><span class=\"wp-block-accordion-heading__toggle-icon\" aria-hidden=\"true\">+<\/span><\/button><\/h3>\n\n\n\n<div inert aria-labelledby=\"accordion-item-14\" data-wp-bind--inert=\"!state.isOpen\" id=\"accordion-item-14-panel\" role=\"region\" class=\"wp-block-accordion-panel is-layout-flow wp-block-accordion-panel-is-layout-flow\">\n<p><strong>Juan 20, 11-18<br>Juan 17, 16-23<br>Juan 15, 6-17<\/strong><\/p>\n\n\n\n<p>148. Al permitir a Jes\u00fas ser creado como hombre, Dios entr\u00f3 en un lazo inefable y eterno con la comunidad humana.<\/p>\n\n\n\n<p>149. Como hombre, Jes\u00fas, el Hijo de Dios, acept\u00f3 la cruz de vivir en la comunidad de hombres y mujeres. \u00c9l , como hombre fue alcanz\u00f3 la plenitud a trav\u00e9s de Su misi\u00f3n y la plenitud de sus relaciones con cada uno de nosotros y con todos nosotros.<\/p>\n\n\n\n<p>150. Al hacerse uno con nosotros, Jes\u00fas entr\u00f3 en la cruz de la persecuci\u00f3n de Su propia integridad personal en conflicto con las demandas de la comunidad y de la familia.<\/p>\n\n\n\n<p>151. La imagen plena de c\u00f3mo Jes\u00fas es como hombre est\u00e1 contenida en la Palabra de Dios como procede del Padre. La realizaci\u00f3n de esa imagen se encuentra en la obediencia de Jes\u00fas al entrar en la plenitud de Su vida, en la cruz y la resurrecci\u00f3n de la relaci\u00f3n con todos y cada uno de nosotros.<\/p>\n\n\n\n<p>152. En la vida de Jes\u00fas, \u00c9l condujo, pero no domin\u00f3, no le quit\u00f3 la libertad a nadie. \u00c9l era el Mes\u00edas, pero no le quit\u00f3 a nadie la libertad de elegir el destino o que trabajara cada uno su salvaci\u00f3n. A\u00fan, siendo nuestro Salvador, no nos rescat\u00f3 de la cruz que cada uno de nosotros deb\u00eda llevar y el trabajar nuestras relaciones con \u00c9l y con los dem\u00e1s. Tampoco permiti\u00f3 Jes\u00fas a la gente que entrara en dependencia con \u00c9l, donde le dejaran a \u00c9l hacer todo el trabajo, enfrentar todo peligro y completar toda la misi\u00f3n.<\/p>\n\n\n\n<p>153. \u00c9l llam\u00f3 a sus seguidores y les dej\u00f3 tomar la decisi\u00f3n de seguirlo, reconocer qui\u00e9n era \u00c9l, a evangelizar, sanar y sacar demonios por s\u00ed mismos y sin Su presencia f\u00edsica, ir por el mundo y evangelizarlo.<\/p>\n\n\n\n<p>154. \u00c9l romper\u00eda todo los lazos de dependencia con la familia con los poderes existentes, romanos o fariseos.<\/p>\n\n\n\n<p>155. A trav\u00e9s de Su desaparici\u00f3n para que Mar\u00eda Magdalena y otros no se colgaran de \u00c9l, rompi\u00f3 los lazos de relaciones amueganadas (enmeshed) y nos dio lazos que nos dieran vida. Debemos vivir en el Cuerpo M\u00edstico de Cristo y vivir en los lazos de libertad, los lazos del Esp\u00edritu Santo desde los cuales podemos apoyarnos, fortalecernos y llenarnos de energ\u00eda unos a otros para alcanzar nuestra plenitud y destino com\u00fan.<\/p>\n<\/div>\n<\/div>\n<\/div>\n\n\n\n<div data-wp-context=\"{ &quot;autoclose&quot;: false, &quot;accordionItems&quot;: [] }\" data-wp-interactive=\"core\/accordion\" role=\"group\" class=\"wp-block-accordion is-layout-flow wp-block-accordion-is-layout-flow\">\n<div data-wp-class--is-open=\"state.isOpen\" data-wp-context=\"{ &quot;id&quot;: &quot;accordion-item-15&quot;, &quot;openByDefault&quot;: false }\" data-wp-init=\"callbacks.initAccordionItems\" data-wp-on-window--hashchange=\"callbacks.hashChange\" class=\"wp-block-accordion-item is-layout-flow wp-block-accordion-item-is-layout-flow\">\n<h3 class=\"wp-block-accordion-heading has-accent-2-color has-text-color has-link-color has-large-font-size wp-elements-b022f6440d11d574737f868670ef23d8\"><button aria-expanded=\"false\" aria-controls=\"accordion-item-15-panel\" data-wp-bind--aria-expanded=\"state.isOpen\" data-wp-on--click=\"actions.toggle\" data-wp-on--keydown=\"actions.handleKeyDown\" id=\"accordion-item-15\" type=\"button\" class=\"wp-block-accordion-heading__toggle\"><span class=\"wp-block-accordion-heading__toggle-title\">XIII. NUESTRA ENTRADA EN COMUNIDAD (156-161)<\/span><span class=\"wp-block-accordion-heading__toggle-icon\" aria-hidden=\"true\">+<\/span><\/button><\/h3>\n\n\n\n<div inert aria-labelledby=\"accordion-item-15\" data-wp-bind--inert=\"!state.isOpen\" id=\"accordion-item-15-panel\" role=\"region\" class=\"wp-block-accordion-panel is-layout-flow wp-block-accordion-panel-is-layout-flow\">\n<p><strong>1\u00aa Juan 4, 7-21<br>1\u00aa Juan 3, 18<\/strong><\/p>\n\n\n\n<p>156. Entramos en comunidad y en una relaci\u00f3n con Dios para descubrir el camino donde, a trav\u00e9s de una profunda obediencia, nosotros, como Jes\u00fas, podemos llegar a darnos cuenta qui\u00e9nes somos realmente y con la ayuda de Jes\u00fas podemos ser desnudados de las mentiras y enga\u00f1os de qui\u00e9n no somos.<\/p>\n\n\n\n<p>157. El encontrar realmente qui\u00e9nes somos, que es la salvaci\u00f3n de nuestra propia libertad, es el deseo continuo de hacer las elecciones correctas en la obediencia profunda a la Voluntad de Dios y al deseo de vivir para la mayor gloria de Dios.<\/p>\n\n\n\n<p>158. La obediencia profunda es una obediencia profunda de unos a otros, es el vivir con las faltas y los dones de unos y otros, es el continuar perdonando, amando y a veces continuar soportando.<\/p>\n\n\n\n<p>159. La profundidad de la obediencia es el deseo continuo de encontrar la voluntad de Dios en nuestras vidas.<\/p>\n\n\n\n<p>160. Ese deseo se llena a trav\u00e9s del deseo de encontrar la voluntad de Dios en comunidad y en ser obediente hacia aquellos puestos en autoridad.<\/p>\n\n\n\n<p>161. En resumen, queremos vivir como Jes\u00fas vivi\u00f3.<\/p>\n<\/div>\n<\/div>\n<\/div>\n\n\n\n<div data-wp-context=\"{ &quot;autoclose&quot;: false, &quot;accordionItems&quot;: [] }\" data-wp-interactive=\"core\/accordion\" role=\"group\" class=\"wp-block-accordion is-layout-flow wp-block-accordion-is-layout-flow\">\n<div data-wp-class--is-open=\"state.isOpen\" data-wp-context=\"{ &quot;id&quot;: &quot;accordion-item-16&quot;, &quot;openByDefault&quot;: false }\" data-wp-init=\"callbacks.initAccordionItems\" data-wp-on-window--hashchange=\"callbacks.hashChange\" class=\"wp-block-accordion-item is-layout-flow wp-block-accordion-item-is-layout-flow\">\n<h3 class=\"wp-block-accordion-heading has-accent-2-color has-text-color has-link-color has-large-font-size wp-elements-f7cf3135b23a50633d094d0ccf17d99c\"><button aria-expanded=\"false\" aria-controls=\"accordion-item-16-panel\" data-wp-bind--aria-expanded=\"state.isOpen\" data-wp-on--click=\"actions.toggle\" data-wp-on--keydown=\"actions.handleKeyDown\" id=\"accordion-item-16\" type=\"button\" class=\"wp-block-accordion-heading__toggle\"><span class=\"wp-block-accordion-heading__toggle-title\">XIV. PLENAMENTE PRESENTES (162-165)<\/span><span class=\"wp-block-accordion-heading__toggle-icon\" aria-hidden=\"true\">+<\/span><\/button><\/h3>\n\n\n\n<div inert aria-labelledby=\"accordion-item-16\" data-wp-bind--inert=\"!state.isOpen\" id=\"accordion-item-16-panel\" role=\"region\" class=\"wp-block-accordion-panel is-layout-flow wp-block-accordion-panel-is-layout-flow\">\n<p><strong>Juan 8,1-11<br>Juan 4<\/strong><\/p>\n\n\n\n<p>162. Jes\u00fas aprendi\u00f3 a estar plenamente presente con cada individuo a quien encontr\u00f3.<\/p>\n\n\n\n<p>163. As\u00ed como Jes\u00fas trat\u00f3 de encontrar y estar plenamente presente a cada uno, y les dio el don de S\u00ed mismo, nosotros, a trav\u00e9s de Jes\u00fas trataremos de dar el don de presencia y atenci\u00f3n individual a cada persona.<\/p>\n\n\n\n<p>164. Jes\u00fas trat\u00f3 de entender a cada persona como esa persona era en la Palabra de Dios y nosotros trataremos de hacer lo mismo a trav\u00e9s de Jes\u00fas, la Palabra de Dios.<\/p>\n\n\n\n<p>165. Aunque nosotros no somos Jes\u00fas podemos tratar de entender al otro a trav\u00e9s de los dones de conocimiento, sabidur\u00eda y entendimiento.<\/p>\n<\/div>\n<\/div>\n<\/div>\n\n\n\n<div data-wp-context=\"{ &quot;autoclose&quot;: false, &quot;accordionItems&quot;: [] }\" data-wp-interactive=\"core\/accordion\" role=\"group\" class=\"wp-block-accordion is-layout-flow wp-block-accordion-is-layout-flow\">\n<div data-wp-class--is-open=\"state.isOpen\" data-wp-context=\"{ &quot;id&quot;: &quot;accordion-item-17&quot;, &quot;openByDefault&quot;: false }\" data-wp-init=\"callbacks.initAccordionItems\" data-wp-on-window--hashchange=\"callbacks.hashChange\" class=\"wp-block-accordion-item is-layout-flow wp-block-accordion-item-is-layout-flow\">\n<h3 class=\"wp-block-accordion-heading has-accent-2-color has-text-color has-link-color has-large-font-size wp-elements-84402139c457b3ea401664ef472f8bf2\"><button aria-expanded=\"false\" aria-controls=\"accordion-item-17-panel\" data-wp-bind--aria-expanded=\"state.isOpen\" data-wp-on--click=\"actions.toggle\" data-wp-on--keydown=\"actions.handleKeyDown\" id=\"accordion-item-17\" type=\"button\" class=\"wp-block-accordion-heading__toggle\"><span class=\"wp-block-accordion-heading__toggle-title\">XV. SOLEDAD (166-173)<\/span><span class=\"wp-block-accordion-heading__toggle-icon\" aria-hidden=\"true\">+<\/span><\/button><\/h3>\n\n\n\n<div inert aria-labelledby=\"accordion-item-17\" data-wp-bind--inert=\"!state.isOpen\" id=\"accordion-item-17-panel\" role=\"region\" class=\"wp-block-accordion-panel is-layout-flow wp-block-accordion-panel-is-layout-flow\">\n<p><strong>Mateo 6, 5-6<br>Mateo 4, 1-11<br>Mateo 14, 22-24<\/strong><\/p>\n\n\n\n<p>166. Jes\u00fas pas\u00f3 mucho tiempo en oraci\u00f3n y recogimiento interior.<\/p>\n\n\n\n<p>167. Le pedimos a Jes\u00fas y encontramos el don del silencio y recogimiento interior y, con su ayuda, superamos las dificultades de la soledad.<\/p>\n\n\n\n<p>168. Al encontrar el don de nuestro propio silencio y recogimiento interior a trav\u00e9s de Jes\u00fas, respetamos profundamente el silencio de otra persona.<\/p>\n\n\n\n<p>169. A\u00fan cuando necesitamos a los dem\u00e1s en nuestra vida, aprendemos a confrontar nuestra propia soledad con Jes\u00fas y a no proyectarla a los dem\u00e1s.<\/p>\n\n\n\n<p>170. Al comprendernos a nosotros mismos, cobramos conciencia de las necesidades que estamos proyectando hacia los dem\u00e1s. Con Jes\u00fas, llegamos a comprender esas necesidades y a darnos cuenta de dichas proyecciones.<\/p>\n\n\n\n<p>171. Llegamos a comprender con la ayuda del Esp\u00edritu Santo, las leg\u00edtimas necesidades que tenemos y a separarlas de los deseos y necesidades ilusorias o enga\u00f1osas y que pueden llevarnos a conductas destructivas.<\/p>\n\n\n\n<p>172. En la uni\u00f3n del Esp\u00edritu en comunidad, podemos expresar esas necesidades leg\u00edtimas como las vemos en y a trav\u00e9s de Jes\u00fas.<\/p>\n\n\n\n<p><\/p>\n\n\n\n<p>173. Seguir en nuestra codependencia es correr a nuestras adicciones por otras personas o cosas y escapar del don de nuestra propia soledad.<\/p>\n<\/div>\n<\/div>\n<\/div>\n\n\n\n<div data-wp-context=\"{ &quot;autoclose&quot;: false, &quot;accordionItems&quot;: [] }\" data-wp-interactive=\"core\/accordion\" role=\"group\" class=\"wp-block-accordion is-layout-flow wp-block-accordion-is-layout-flow\">\n<div data-wp-class--is-open=\"state.isOpen\" data-wp-context=\"{ &quot;id&quot;: &quot;accordion-item-18&quot;, &quot;openByDefault&quot;: false }\" data-wp-init=\"callbacks.initAccordionItems\" data-wp-on-window--hashchange=\"callbacks.hashChange\" class=\"wp-block-accordion-item is-layout-flow wp-block-accordion-item-is-layout-flow\">\n<h3 class=\"wp-block-accordion-heading has-accent-2-color has-text-color has-link-color has-large-font-size wp-elements-7dacadc90a47c4c7e232a6ff97f32e9d\"><button aria-expanded=\"false\" aria-controls=\"accordion-item-18-panel\" data-wp-bind--aria-expanded=\"state.isOpen\" data-wp-on--click=\"actions.toggle\" data-wp-on--keydown=\"actions.handleKeyDown\" id=\"accordion-item-18\" type=\"button\" class=\"wp-block-accordion-heading__toggle\"><span class=\"wp-block-accordion-heading__toggle-title\">XVI. LIBERTAD (174-183)<\/span><span class=\"wp-block-accordion-heading__toggle-icon\" aria-hidden=\"true\">+<\/span><\/button><\/h3>\n\n\n\n<div inert aria-labelledby=\"accordion-item-18\" data-wp-bind--inert=\"!state.isOpen\" id=\"accordion-item-18-panel\" role=\"region\" class=\"wp-block-accordion-panel is-layout-flow wp-block-accordion-panel-is-layout-flow\">\n<p><strong>Mateo 19, 16-30<br>Mateo 26, 69-75<br>Juan 21, 15-19<br>Lucas 1, 26-38<\/strong><\/p>\n\n\n\n<p>174. Cada persona necesita entrar en su libertad y reclamarla.<\/p>\n\n\n\n<p>175. Ser una persona madura es ser capaz de distinguir entre el correcto uso de la libertad y la libertad que conduce al libertinaje, al pecado o la lastimar o pisotear los derechos de otra persona o de la comunidad.<\/p>\n\n\n\n<p>176. Reclamar nuestra libertad es entrar en la madurez de seguir libremente a Jes\u00fas, de entregar nuestra vida por \u00c9l, morir a nosotros mismos y entrar a cualquier lugar bueno y maravilloso al que \u00c9l desee conducirnos.<\/p>\n\n\n\n<p>177. Entrar en nuestra libertad es confiar en que Jes\u00fas nos conducir\u00e1 lejos del pecado y de cualquier cosa que nos conduzca a la condenaci\u00f3n. A\u00fan aquellos que est\u00e1n atrapados en adicciones que los llevan a pecar pueden suplicar con gran fe y esperanza en la misericordia de Jes\u00fas quien, en el Esp\u00edritu, ama a cada uno de nosotros como Sus creaciones en el Padre.<\/p>\n\n\n\n<p>178. El don de la libertad se encuentra en el seguimiento total de Jes\u00fas para que yo pueda entrar en Su amor divino y filial por Su Padre.<\/p>\n\n\n\n<p>179. As\u00ed como Jes\u00fas respetaba a las personas y la libertad personal de aquellos a quienes llamaba, as\u00ed deseamos permitirle a la persona que tome sus propias decisiones y no quitarle la dignidad de su libertad personal.<\/p>\n\n\n\n<p>180. Con cada persona, Jes\u00fas entraba en negociaciones entre la tensi\u00f3n de las demandas del Padre y su Propio Mesianismo por un lado y las demandas de la propia persona, su personalidad individual, y su libertad personal.<\/p>\n\n\n\n<p>181. La persona en autoridad en la comunidad negocia con cada persona, resolviendo entre los reclamos de autoridad leg\u00edtima y sus reclamos como persona.<\/p>\n\n\n\n<p>182. Lograr la plenitud de libertad no es solamente elegir o dejar de hacerlo. Es elegir ser totalmente obediente de mente, coraz\u00f3n y voluntad con Jes\u00fas al Padre. Como Jes\u00fas fue obediente al Padre y a las autoridades de su tiempo a\u00fan hasta la muerte de cruz, as\u00ed tambi\u00e9n nosotros somos obedientes a la autoridad leg\u00edtima en la Sociedad.<\/p>\n\n\n\n<p>183. Como personas individuales en relaci\u00f3n con Jes\u00fas, negociamos con \u00c9l y a trav\u00e9s de \u00c9l, los derechos y diferencias de nuestros reclamos personales con los derechos y reclamos personales de otra persona.<\/p>\n<\/div>\n<\/div>\n<\/div>\n\n\n\n<div data-wp-context=\"{ &quot;autoclose&quot;: false, &quot;accordionItems&quot;: [] }\" data-wp-interactive=\"core\/accordion\" role=\"group\" class=\"wp-block-accordion is-layout-flow wp-block-accordion-is-layout-flow\">\n<div data-wp-class--is-open=\"state.isOpen\" data-wp-context=\"{ &quot;id&quot;: &quot;accordion-item-19&quot;, &quot;openByDefault&quot;: false }\" data-wp-init=\"callbacks.initAccordionItems\" data-wp-on-window--hashchange=\"callbacks.hashChange\" class=\"wp-block-accordion-item is-layout-flow wp-block-accordion-item-is-layout-flow\">\n<h3 class=\"wp-block-accordion-heading has-accent-2-color has-text-color has-link-color has-large-font-size wp-elements-c980c1233b3438d523cd04c1fcb48a16\"><button aria-expanded=\"false\" aria-controls=\"accordion-item-19-panel\" data-wp-bind--aria-expanded=\"state.isOpen\" data-wp-on--click=\"actions.toggle\" data-wp-on--keydown=\"actions.handleKeyDown\" id=\"accordion-item-19\" type=\"button\" class=\"wp-block-accordion-heading__toggle\"><span class=\"wp-block-accordion-heading__toggle-title\">XVII. PURIFICACI\u00d3N (184-192)<\/span><span class=\"wp-block-accordion-heading__toggle-icon\" aria-hidden=\"true\">+<\/span><\/button><\/h3>\n\n\n\n<div inert aria-labelledby=\"accordion-item-19\" data-wp-bind--inert=\"!state.isOpen\" id=\"accordion-item-19-panel\" role=\"region\" class=\"wp-block-accordion-panel is-layout-flow wp-block-accordion-panel-is-layout-flow\">\n<p><strong>Lucas 8,4-8,12-15<br>1\u00aa Pedro 1, 22<br>Santiago 3, 9-12<\/strong><\/p>\n\n\n\n<p>184. Al entrar en la familia o en la comunidad, entramos en una purificaci\u00f3n personal y en la revelaci\u00f3n de d\u00f3nde necesitamos ser purificados.<\/p>\n\n\n\n<p>185. En esta purificaci\u00f3n en comunidad, reconocemos nuestros propios pecados y faltas, especialmente con respecto a la obediencia, pero tambi\u00e9n reconocemos donde necesitamos defender la justicia y nuestros propios derechos.<\/p>\n\n\n\n<p>186. En esta tensi\u00f3n de relaciones personales con la Palabra y con Jes\u00fas, no debemos perder la oportunidad, simplemente por enfocarnos en las fallas obvias de los dem\u00e1s, de entrar en la purificaci\u00f3n de nuestro esp\u00edritu y el descubrimiento de qui\u00e9n somos en Cristo.<\/p>\n\n\n\n<p>187. Entramos en esa purificaci\u00f3n con gran paz en el amor incondicional y la elecci\u00f3n de Jes\u00fas por nosotros.<\/p>\n\n\n\n<p>188. En esa forma evitamos el dilema de una conciencia r\u00edgida, enjuiciadora y escrupulosa y podemos permanecer en la paz del Se\u00f1or mientras nos trae a la plenitud de quienes somos, mediante la revelaci\u00f3n callada y eventual sanaci\u00f3n de nuestros pecados, nuestros vicios y nuestros enga\u00f1os acerca de nosotros mismos.<\/p>\n\n\n\n<p>189. La plenitud de nuestra salvaci\u00f3n involucra la purificaci\u00f3n profunda de nuestro consciente y nuestro inconsciente. La clave para que nuestro esp\u00edritu crezca en humildad y en una uni\u00f3n m\u00e1s plena con Su Esp\u00edritu, est\u00e1 en permitir que el Se\u00f1or haga esto en nuestro interior.<\/p>\n\n\n\n<p>190. Al permitirle a Dios que nos cambie y transforme, lentamente nos damos cuenta de que nos est\u00e1 cambiando, de una manera que no podemos ver plenamente, hacia la imagen particular en la que fuimos creados para llegar a ser en la Palabra de Dios.<\/p>\n\n\n\n<p>191. Nuevamente, la purificaci\u00f3n requiere mucha paciencia con nosotros. La revelaci\u00f3n de nuestras faltas y vicios nunca debe llevarnos a perder de vista el amor infinito del Padre en Jes\u00fas para cada uno de nosotros y descubrir humildemente quienes somos en \u00c9l, y lo que ha podido hacer a trav\u00e9s de nosotros.<\/p>\n\n\n\n<p>192. Tal vez podemos contemplar nuestras vidas como una serie de cap\u00edtulos de un libro. Al crecer de cap\u00edtulo en cap\u00edtulo le pedimos al Esp\u00edritu que nos muestre c\u00f3mo vivir en ese cap\u00edtulo particular, los dones de ese cap\u00edtulo y la purificaci\u00f3n en ese cap\u00edtulo y c\u00f3mo ese cap\u00edtulo es diferente de los otros.<\/p>\n<\/div>\n<\/div>\n<\/div>\n\n\n\n<div data-wp-context=\"{ &quot;autoclose&quot;: false, &quot;accordionItems&quot;: [] }\" data-wp-interactive=\"core\/accordion\" role=\"group\" class=\"wp-block-accordion is-layout-flow wp-block-accordion-is-layout-flow\">\n<div data-wp-class--is-open=\"state.isOpen\" data-wp-context=\"{ &quot;id&quot;: &quot;accordion-item-20&quot;, &quot;openByDefault&quot;: false }\" data-wp-init=\"callbacks.initAccordionItems\" data-wp-on-window--hashchange=\"callbacks.hashChange\" class=\"wp-block-accordion-item is-layout-flow wp-block-accordion-item-is-layout-flow\">\n<h3 class=\"wp-block-accordion-heading has-accent-2-color has-text-color has-link-color has-large-font-size wp-elements-44af7d26dffce04ba779a8fb7bb5400c\"><button aria-expanded=\"false\" aria-controls=\"accordion-item-20-panel\" data-wp-bind--aria-expanded=\"state.isOpen\" data-wp-on--click=\"actions.toggle\" data-wp-on--keydown=\"actions.handleKeyDown\" id=\"accordion-item-20\" type=\"button\" class=\"wp-block-accordion-heading__toggle\"><span class=\"wp-block-accordion-heading__toggle-title\">XVIII. LIMITES (193-204)<\/span><span class=\"wp-block-accordion-heading__toggle-icon\" aria-hidden=\"true\">+<\/span><\/button><\/h3>\n\n\n\n<div inert aria-labelledby=\"accordion-item-20\" data-wp-bind--inert=\"!state.isOpen\" id=\"accordion-item-20-panel\" role=\"region\" class=\"wp-block-accordion-panel is-layout-flow wp-block-accordion-panel-is-layout-flow\">\n<p><strong>Mateo 16, 23<br>Marcos 8, 23<br>Juan 2, 12<br>Lucas 2, 41-50<br>Lucas 8, 19-21<\/strong><\/p>\n\n\n\n<p>193. En la vida de Jes\u00fas vemos que \u00c9l pon\u00eda l\u00edmites en cada relaci\u00f3n.<\/p>\n\n\n\n<p>194. En Can\u00e1 \u00c9l le dijo a Su madre que Su misi\u00f3n no hab\u00eda comenzado a\u00fan. Cuando estaba esperando a Su madre y Sus hermanos, le record\u00f3 a la multitud que el lazo entre \u00c9l y ellos era el de hacer la voluntad del Padre en profunda obediencia, lo cual los trajo dentro del lazo del Esp\u00edritu.<\/p>\n\n\n\n<p>195. \u00c9l constantemente les recordaba a los fariseos de la necesidad de honestidad y sinceridad en las relaciones. No pod\u00eda aceptar la hipocres\u00eda.<\/p>\n\n\n\n<p>196. \u00c9l le record\u00f3 a Pedro, que sus aparentemente buenas intenciones de protegerlo le estaban impidiendo hacer la voluntad de Dios.<\/p>\n\n\n\n<p>197. \u00c9l era una persona que ten\u00eda una misi\u00f3n que no iba a comprometer por personas que quer\u00edan poseer Su voluntad y lo enmarcaban de acuerdo a sus propios deseos y voluntades.<\/p>\n\n\n\n<p>198. La unidad con Jes\u00fas y de unos con otros se da cuando un individuo conoce y descubre sus propios l\u00edmites que surgen de su propia creaci\u00f3n en el Padre y de su propio seguimiento a Jes\u00fas.<\/p>\n\n\n\n<p>199. Los l\u00edmites surgen del entender que una persona ha sido creada por Dios. Es el darse cuenta de su don de personalidad que no puede ser violado.<\/p>\n\n\n\n<p>200. Los l\u00edmites son necesarios para impedir que una persona domine a otra o la controle o sea dominada o controlada en su libertad e integridad.<\/p>\n\n\n\n<p>201. Los l\u00edmites son necesarios para impedir que una persona rescate a otra o para dejar que alguien m\u00e1s contin\u00fae realizando libremente las responsabilidades a las que ha sido llamada.<\/p>\n\n\n\n<p>202. Buenos l\u00edmites nos permiten escapar de la persecuci\u00f3n de juicios definitivos que hacemos de otra persona. Saber que soy una persona en Jes\u00fas es ser capaz de ir a Jes\u00fas para verificar la verdad o falsedad de cualquier declaraci\u00f3n. Esto impide que seamos v\u00edctimas de otro que est\u00e1 asumiendo que su juicio es el de Dios. Esto impide que nosotros u otra persona act\u00fae como Dios o tome el lugar de los juicios de Dios.<\/p>\n\n\n\n<p>203. Los l\u00edmites permiten a cada persona entrar en el desprendimiento leg\u00edtimo de otra persona bas\u00e1ndose en su propia libertad y la dignidad de su persona en Jes\u00fas. Nos permite ver a otro sin entrar en idolatr\u00eda o ponerlos en un pedestal.<\/p>\n\n\n\n<p>204. Los l\u00edmites permiten a una persona distinguir entre un lazo de amistad genuina y generosa y un lazo pegajoso y codependiente.<\/p>\n<\/div>\n<\/div>\n<\/div>\n\n\n\n<div data-wp-context=\"{ &quot;autoclose&quot;: false, &quot;accordionItems&quot;: [] }\" data-wp-interactive=\"core\/accordion\" role=\"group\" class=\"wp-block-accordion is-layout-flow wp-block-accordion-is-layout-flow\">\n<div data-wp-class--is-open=\"state.isOpen\" data-wp-context=\"{ &quot;id&quot;: &quot;accordion-item-21&quot;, &quot;openByDefault&quot;: false }\" data-wp-init=\"callbacks.initAccordionItems\" data-wp-on-window--hashchange=\"callbacks.hashChange\" class=\"wp-block-accordion-item is-layout-flow wp-block-accordion-item-is-layout-flow\">\n<h3 class=\"wp-block-accordion-heading has-accent-2-color has-text-color has-link-color has-large-font-size wp-elements-b55cd04902a8d880ee0badc473a49c22\"><button aria-expanded=\"false\" aria-controls=\"accordion-item-21-panel\" data-wp-bind--aria-expanded=\"state.isOpen\" data-wp-on--click=\"actions.toggle\" data-wp-on--keydown=\"actions.handleKeyDown\" id=\"accordion-item-21\" type=\"button\" class=\"wp-block-accordion-heading__toggle\"><span class=\"wp-block-accordion-heading__toggle-title\">XIX. UNIDAD (205-225)<\/span><span class=\"wp-block-accordion-heading__toggle-icon\" aria-hidden=\"true\">+<\/span><\/button><\/h3>\n\n\n\n<div inert aria-labelledby=\"accordion-item-21\" data-wp-bind--inert=\"!state.isOpen\" id=\"accordion-item-21-panel\" role=\"region\" class=\"wp-block-accordion-panel is-layout-flow wp-block-accordion-panel-is-layout-flow\">\n<p><strong>Lucas 9, 49-50<br>Mateo 12, 25<br>Santiago 4, 1-3 10-12<br>Santiago 5, 9<br>1\u00aa Juan 3, 11<\/strong><\/p>\n\n\n\n<p>205. La unidad en la comunidad se basa en el amor com\u00fan y en el agradecimiento y alabanza que le damos a Nuestro Padre Dios.<\/p>\n\n\n\n<p>206. La unidad en la comunidad se basa en nuestro deseo com\u00fan de seguir a Jes\u00fas.<\/p>\n\n\n\n<p>207. La unidad en la comunidad se basa en el crecimiento de la personalidad de cada ser humano en su propia conquista de una uni\u00f3n con Jes\u00fas m\u00e1s plena y completa.<\/p>\n\n\n\n<p>208. La unidad en la comunidad se pasa en nuestro amor por cada persona y por el deseo de que alcance la meta de su propio destino en el Esp\u00edritu.<\/p>\n\n\n\n<p>209. La unidad en la comunidad es la realizaci\u00f3n humilde de que necesitamos el amor \u00e1gape, el amor no ego\u00edsta, el apoyo y la amistad de otros para alcanzar nuestra propia comuni\u00f3n con Dios y nuestro propio destino y prop\u00f3sito para pelear por la misericordia y la justicia en nuestro mundo.<\/p>\n\n\n\n<p>210. La unidad en la comunidad es darse cuenta de que el amor \u00e1gape, el amor persistente, paciente y fiel en Cristo es la base de nuestra uni\u00f3n.<\/p>\n\n\n\n<p>211. Aunque hay un amor grupal, un amor de familia, necesario para el crecimiento de la vida humana, esa unidad debe primero tenerse y luego someterse al Se\u00f1or.<\/p>\n\n\n\n<p>212. La base de la unidad no es hacer un \u00eddolo de la familia, sino el encontrar nuestra unidad en el Esp\u00edritu del Se\u00f1or y nuestros lazos cimentados en ese mismo Esp\u00edritu.<\/p>\n\n\n\n<p>213. La amistad es una parte necesaria de las riquezas humanas y del desarrollo de la comunidad.<\/p>\n\n\n\n<p>214. La amistad en la comunidad se ayuda profundamente con el respeto a cada persona, y el darse cuenta gradualmente e ir eliminando poco a poco el deseo de controlar a la otra persona.<\/p>\n\n\n\n<p>215. La amistad envuelve un profundo respeto por la libertad y la autonom\u00eda de otra persona, y del deseo por lo tanto, de no fomentar la dependencia o de entrar en dependencia.<\/p>\n\n\n\n<p>216. La amistad que excluye a otros de nuestro amor y comunidad puede probar ser causa de divisi\u00f3n y desintegraci\u00f3n de la vida comunitaria.<\/p>\n\n\n\n<p>217. La integridad en la comunidad es el descubrimiento de las formas leg\u00edtimas en que dependemos unos de otros y el respeto que nos debemos de no entrar en dependencia mutua.<\/p>\n\n\n\n<p>218. La integridad es el respeto de la soledad de otra persona y su capacidad para resolver sus propios problemas y la obligaci\u00f3n de tratar de no rescatarlos de su integridad.<\/p>\n\n\n\n<p>219. La integridad en la comunidad es encontrar formas leg\u00edtimas de ayudar a otros a encontrar su s\u00ed mismo y las formas en que declinamos el rescatarlos y quitarles su libertad, su individualidad y su poder para crecer.<\/p>\n\n\n\n<p>220. Estar en comunidad con otros es aceptar la cruz que es parte de la unidad de vivir y llevarse unos con otros.<\/p>\n\n\n\n<p>221. La cruz es el centro de la vida de la comunidad. Tratar de quitarle a la comunidad la cruz es robarle su autenticidad.<\/p>\n\n\n\n<p>222. En la cruz de la vida comunitaria, mientras tratamos de eliminar las dificultades de la codependencia, o de las faltas y pecados del otro, estamos a\u00fan sujetos a su irritaci\u00f3n a medida que la comunidad avanza.<\/p>\n\n\n\n<p>223. En la aceptaci\u00f3n de la cruz, el respeto de los l\u00edmites de la persona y la eliminaci\u00f3n gradual de nuestras adicciones y codependencia, empezamos a descubrir el lazo profundo del Esp\u00edritu que est\u00e1 entre nosotros como personas, que nos une en el Esp\u00edritu unos con otros y que existe eternamente en el Cuerpo de Jes\u00fas y que nunca se podr\u00e1 romper.<\/p>\n\n\n\n<p>224. Un lazo as\u00ed conduce a un amor genuino de unos por otros, de hermanos y hermanas, en la experiencia naciente de comuni\u00f3n.<\/p>\n\n\n\n<p>225. En esta unidad en comunidad experimentamos la fuerza, solidez y seguridad del lazo del Esp\u00edritu, que nos libera a todos para crecer en la presencia del amor entre nosotros en y a trav\u00e9s de Jes\u00fas.<\/p>\n<\/div>\n<\/div>\n<\/div>\n\n\n\n<div data-wp-context=\"{ &quot;autoclose&quot;: false, &quot;accordionItems&quot;: [] }\" data-wp-interactive=\"core\/accordion\" role=\"group\" class=\"wp-block-accordion is-layout-flow wp-block-accordion-is-layout-flow\">\n<div data-wp-class--is-open=\"state.isOpen\" data-wp-context=\"{ &quot;id&quot;: &quot;accordion-item-22&quot;, &quot;openByDefault&quot;: false }\" data-wp-init=\"callbacks.initAccordionItems\" data-wp-on-window--hashchange=\"callbacks.hashChange\" class=\"wp-block-accordion-item is-layout-flow wp-block-accordion-item-is-layout-flow\">\n<h3 class=\"wp-block-accordion-heading has-accent-2-color has-text-color has-link-color has-large-font-size wp-elements-e9281f87cf06dbb626ea5e8d2b512fcc\"><button aria-expanded=\"false\" aria-controls=\"accordion-item-22-panel\" data-wp-bind--aria-expanded=\"state.isOpen\" data-wp-on--click=\"actions.toggle\" data-wp-on--keydown=\"actions.handleKeyDown\" id=\"accordion-item-22\" type=\"button\" class=\"wp-block-accordion-heading__toggle\"><span class=\"wp-block-accordion-heading__toggle-title\">XX. CONSAGRACION<\/span><span class=\"wp-block-accordion-heading__toggle-icon\" aria-hidden=\"true\">+<\/span><\/button><\/h3>\n\n\n\n<div inert aria-labelledby=\"accordion-item-22\" data-wp-bind--inert=\"!state.isOpen\" id=\"accordion-item-22-panel\" role=\"region\" class=\"wp-block-accordion-panel is-layout-flow wp-block-accordion-panel-is-layout-flow\">\n<p><strong>Juan 9, 1-6<br>1\u00aa Corintios 12,4-11<br>1\u00aa Corintios 3, 9<\/strong><\/p>\n\n\n\n<p>Mar\u00eda te damos gracias por darnos a tu hijo, Jes\u00fas<\/p>\n\n\n\n<p>Jes\u00fas:<\/p>\n\n\n\n<p>Te damos gracias:<br>Por haber nacido<br>Por vivir para nosotros<br>Por ense\u00f1arnos<br>Por sanarnos<br>Por darnos amor incondicional<br>Por morir por nosotros<br>Y por resucitar<br>Para que nosotros tambi\u00e9n podamos resucitar.<\/p>\n\n\n\n<p>En respuesta a esto:<\/p>\n\n\n\n<p>Deseo entregarme completamente A ti Jesucristo<br>Consagrando mi vida,<br>Mi trabajo y mis relaciones<br>A ti, a trav\u00e9s de Mar\u00eda mi madre<br>Y a vivir mi vida<br>En un patr\u00f3n constante<br>De conversi\u00f3n a Tu vida<br>Y al amor y al servicio<br>De mi familia<br>Y a todo el pueblo de Dios.<\/p>\n<\/div>\n<\/div>\n<\/div>\n","protected":false},"excerpt":{"rendered":"<p>\u00cdNDICE<\/p>\n","protected":false},"author":1,"featured_media":14,"parent":0,"menu_order":0,"comment_status":"closed","ping_status":"closed","template":"","meta":{"footnotes":""},"class_list":["post-48","page","type-page","status-publish","has-post-thumbnail","hentry"],"_links":{"self":[{"href":"http:\/\/centrosoracionguadalupeint.com\/esp\/wp-json\/wp\/v2\/pages\/48","targetHints":{"allow":["GET"]}}],"collection":[{"href":"http:\/\/centrosoracionguadalupeint.com\/esp\/wp-json\/wp\/v2\/pages"}],"about":[{"href":"http:\/\/centrosoracionguadalupeint.com\/esp\/wp-json\/wp\/v2\/types\/page"}],"author":[{"embeddable":true,"href":"http:\/\/centrosoracionguadalupeint.com\/esp\/wp-json\/wp\/v2\/users\/1"}],"replies":[{"embeddable":true,"href":"http:\/\/centrosoracionguadalupeint.com\/esp\/wp-json\/wp\/v2\/comments?post=48"}],"version-history":[{"count":39,"href":"http:\/\/centrosoracionguadalupeint.com\/esp\/wp-json\/wp\/v2\/pages\/48\/revisions"}],"predecessor-version":[{"id":430,"href":"http:\/\/centrosoracionguadalupeint.com\/esp\/wp-json\/wp\/v2\/pages\/48\/revisions\/430"}],"wp:featuredmedia":[{"embeddable":true,"href":"http:\/\/centrosoracionguadalupeint.com\/esp\/wp-json\/wp\/v2\/media\/14"}],"wp:attachment":[{"href":"http:\/\/centrosoracionguadalupeint.com\/esp\/wp-json\/wp\/v2\/media?parent=48"}],"curies":[{"name":"wp","href":"https:\/\/api.w.org\/{rel}","templated":true}]}}