{"id":882,"date":"2026-04-25T17:04:05","date_gmt":"2026-04-25T17:04:05","guid":{"rendered":"https:\/\/centrosoracionguadalupeint.com\/esp\/?page_id=882"},"modified":"2026-04-25T19:16:59","modified_gmt":"2026-04-25T19:16:59","slug":"home","status":"publish","type":"page","link":"http:\/\/centrosoracionguadalupeint.com\/esp\/","title":{"rendered":"HOME"},"content":{"rendered":"\n<div class=\"wp-block-columns alignwide is-layout-flex wp-container-core-columns-is-layout-9d6595d7 wp-block-columns-is-layout-flex\">\n<div class=\"wp-block-column is-layout-flow wp-block-column-is-layout-flow\" style=\"flex-basis:300px\">\n<h4 class=\"wp-block-heading\">NUESTRA MISI\u00d3N<\/h4>\n\n\n\n<hr class=\"wp-block-separator has-text-color has-accent-1-color has-alpha-channel-opacity has-accent-1-background-color has-background is-style-default\"\/>\n\n\n\n<div class=\"wp-block-group is-nowrap is-layout-flex wp-container-core-group-is-layout-ad2f72ca wp-block-group-is-layout-flex\">\n<p>La misi\u00f3n de la Sociedad de Nuestra Se\u00f1ora de Guadalupe es recibir, a trav\u00e9s de los diferentes Centros de oraci\u00f3n, a las personas que sufren una pena especial en el coraz\u00f3n y en el esp\u00edritu\u2026<\/p>\n\n\n\n<hr class=\"wp-block-separator has-alpha-channel-opacity\"\/>\n<\/div>\n<\/div>\n\n\n\n<div class=\"wp-block-column is-layout-flow wp-block-column-is-layout-flow\" style=\"flex-basis:20px\"><\/div>\n\n\n\n<div class=\"wp-block-column is-layout-flow wp-block-column-is-layout-flow\" style=\"flex-basis:300px\">\n<h4 class=\"wp-block-heading\">NUESTROS VALORES<\/h4>\n\n\n\n<hr class=\"wp-block-separator has-text-color has-accent-1-color has-alpha-channel-opacity has-accent-1-background-color has-background\"\/>\n\n\n\n<p>Nuestros principales valores est\u00e1n directamente vinculados a la Sagrada Escritura, tratamos de seguir la llamada de Jes\u00fas a trav\u00e9s de las siguientes actitudes.<\/p>\n<\/div>\n\n\n\n<div class=\"wp-block-column is-layout-flow wp-block-column-is-layout-flow\" style=\"flex-basis:20px\"><\/div>\n\n\n\n<div class=\"wp-block-column is-layout-flow wp-block-column-is-layout-flow\" style=\"flex-basis:300px\">\n<h4 class=\"wp-block-heading\">ASAMBLEAS ANUALES<\/h4>\n\n\n\n<hr class=\"wp-block-separator has-text-color has-accent-1-color has-alpha-channel-opacity has-accent-1-background-color has-background\"\/>\n\n\n\n<p>Los Centros de Oraci\u00f3n se han reunido anualmente desde 1979. Estas reuniones anuales tienen por objeto buscar en oraci\u00f3n, gu\u00eda y direcci\u00f3n para continuar sirviendo a las personas que lo necesiten, como una Sociedad.<\/p>\n<\/div>\n<\/div>\n\n\n\n<div class=\"wp-block-columns has-accent-1-background-color has-background is-layout-flex wp-container-core-columns-is-layout-9d6595d7 wp-block-columns-is-layout-flex\">\n<div class=\"wp-block-column is-layout-flow wp-block-column-is-layout-flow\" style=\"flex-basis:33.33%\">\n<h1 class=\"wp-block-heading has-text-align-right\"><\/h1>\n\n\n\n<div class=\"wp-block-group is-nowrap is-layout-flex wp-container-core-group-is-layout-ad2f72ca wp-block-group-is-layout-flex\">\n<h3 class=\"wp-block-heading has-text-align-right\">46 A\u00d1OS<br>EMPEZ\u00d3 EL PRIMER CENTRO<\/h3>\n\n\n\n<div class=\"wp-block-group is-nowrap is-layout-flex wp-container-core-group-is-layout-ad2f72ca wp-block-group-is-layout-flex\"><\/div>\n<\/div>\n<\/div>\n\n\n\n<div class=\"wp-block-column is-layout-flow wp-block-column-is-layout-flow\" style=\"flex-basis:66.66%\">\n<blockquote class=\"wp-block-quote is-layout-flow wp-block-quote-is-layout-flow\">\n<p class=\"has-sitebg-color has-text-color has-link-color wp-elements-92a4e87f353f4362a9e524d52b955a6f\">Para aquellos que quieren entrar en una uni\u00f3n m\u00e1s profunda con Dios, su Padre amoroso y que desean tambi\u00e9n una sanaci\u00f3n m\u00e1s completa en su acompa\u00f1amiento con Jes\u00fas. Que anhelan darse cuenta de su propia val\u00eda y del inmenso amor que Dios les tiene y del deseo que ha puesto en ellos para que entreguen su vida en el servicio y en el amor cada vez m\u00e1s pleno hacia los dem\u00e1s.<\/p>\n<\/blockquote>\n<\/div>\n<\/div>\n\n\n\n<div class=\"wp-block-columns is-layout-flex wp-container-core-columns-is-layout-9d6595d7 wp-block-columns-is-layout-flex\">\n<div class=\"wp-block-column is-layout-flow wp-block-column-is-layout-flow\">\n<div class=\"wp-block-media-text has-media-on-the-right is-stacked-on-mobile\" style=\"grid-template-columns:auto 26%\"><div class=\"wp-block-media-text__content\">\n<h5 class=\"wp-block-heading has-text-align-right\">Cursos y Talleres<\/h5>\n\n\n\n<p class=\"has-text-align-right\">Nuestra instituci\u00f3n ofrece una serie de cursos y talleres que partiendo de proporcionar a las personas un conocimiento y equilibrio emocional, tienen por objetivo llevarlas a un encuentro personal con Jes\u00fas<\/p>\n<\/div><figure class=\"wp-block-media-text__media\"><\/figure><\/div>\n\n\n\n<div class=\"wp-block-media-text has-media-on-the-right is-stacked-on-mobile\" style=\"grid-template-columns:auto 26%\"><div class=\"wp-block-media-text__content\">\n<h5 class=\"wp-block-heading has-text-align-right\">Seminarios<\/h5>\n\n\n\n<p class=\"has-text-align-right\">Dirigidos a sacerdotes, religiosos y religiosas, laicos comprometidos, centros de oraci\u00f3n, desarrollos comunitarios, y a toda persona que desee tener una relaci\u00f3n m\u00e1s \u00edntima con Dios<\/p>\n<\/div><figure class=\"wp-block-media-text__media\"><\/figure><\/div>\n\n\n\n<div class=\"wp-block-media-text has-media-on-the-right is-stacked-on-mobile\" style=\"grid-template-columns:auto 26%\"><div class=\"wp-block-media-text__content\">\n<h5 class=\"wp-block-heading has-text-align-right\">Conferencias<\/h5>\n\n\n\n<p class=\"has-text-align-right\">Pueden ser presenciales o virtuales, a trav\u00e9s de nuestro canal de YouTube en las cuales se imparten diversos temas con problem\u00e1ticas cotidianas<\/p>\n<\/div><figure class=\"wp-block-media-text__media\"><\/figure><\/div>\n<\/div>\n\n\n\n<div class=\"wp-block-column is-layout-flow wp-block-column-is-layout-flow\">\n<div style=\"height:100px\" aria-hidden=\"true\" class=\"wp-block-spacer\"><\/div>\n\n\n<div class=\"wp-block-image\">\n<figure class=\"aligncenter size-full\"><img loading=\"lazy\" decoding=\"async\" width=\"357\" height=\"614\" src=\"https:\/\/centrosoracionguadalupeint.com\/esp\/wp-content\/uploads\/2026\/04\/phone-1.png\" alt=\"\" class=\"wp-image-889\" srcset=\"http:\/\/centrosoracionguadalupeint.com\/esp\/wp-content\/uploads\/2026\/04\/phone-1.png 357w, http:\/\/centrosoracionguadalupeint.com\/esp\/wp-content\/uploads\/2026\/04\/phone-1-174x300.png 174w\" sizes=\"auto, (max-width: 357px) 100vw, 357px\" \/><\/figure>\n<\/div><\/div>\n\n\n\n<div class=\"wp-block-column is-layout-flow wp-block-column-is-layout-flow\">\n<div class=\"wp-block-media-text is-stacked-on-mobile\" style=\"grid-template-columns:26% auto\"><figure class=\"wp-block-media-text__media\"><\/figure><div class=\"wp-block-media-text__content\">\n<h5 class=\"wp-block-heading has-text-align-left\">Carisma<\/h5>\n\n\n\n<p class=\"has-text-align-left\">Nos lleva a considerar de prioritaria importancia la combinaci\u00f3n entre el conocimiento y la fe. Por lo tanto, estamos seguros que el que sana es Jes\u00fas.<\/p>\n<\/div><\/div>\n\n\n\n<div class=\"wp-block-media-text is-stacked-on-mobile\" style=\"grid-template-columns:26% auto\"><figure class=\"wp-block-media-text__media\"><\/figure><div class=\"wp-block-media-text__content\">\n<h5 class=\"wp-block-heading has-text-align-left\">Ministerio de Oraci\u00f3n<\/h5>\n\n\n\n<p class=\"has-text-align-left\">Cuando llegan al centro, en muchas ocasiones las personas vienen destruidas emocionalmente y enojadas con Dios. Poco a poco se logra obtener un sentido de vida y vivan un proceso de conversi\u00f3n profunda que las lleve al deseo de seguir la voluntad de Dios para sus vidas.<\/p>\n<\/div><\/div>\n\n\n\n<div class=\"wp-block-media-text is-stacked-on-mobile\" style=\"grid-template-columns:26% auto\"><figure class=\"wp-block-media-text__media\"><\/figure><div class=\"wp-block-media-text__content\">\n<h5 class=\"wp-block-heading has-text-align-left\">Publicaciones<\/h5>\n\n\n\n<p class=\"has-text-align-left\">Grandes libros para ayudarte en cada momento de tu vida\u2026<\/p>\n<\/div><\/div>\n<\/div>\n<\/div>\n\n\n\n<h2 class=\"wp-block-heading\">C\u00e1psulas y Programas<\/h2>\n\n\n\n<hr class=\"wp-block-separator has-text-color has-accent-1-color has-alpha-channel-opacity has-accent-1-background-color has-background is-style-wide\"\/>\n\n\n\n<div class=\"wp-block-columns is-layout-flex wp-container-core-columns-is-layout-9d6595d7 wp-block-columns-is-layout-flex\">\n<div class=\"wp-block-column is-layout-flow wp-block-column-is-layout-flow\">\n<figure class=\"wp-block-embed is-type-rich is-provider-gestor-del-servicio wp-block-embed-gestor-del-servicio wp-embed-aspect-16-9 wp-has-aspect-ratio\"><div class=\"wp-block-embed__wrapper\">\n<iframe loading=\"lazy\" title=\"\u00bfQu\u00e9 es el Centro de Oraci\u00f3n del Sagrado Coraz\u00f3n?\" width=\"1191\" height=\"670\" src=\"https:\/\/www.youtube.com\/embed\/hID7GwoaUtM?feature=oembed\" frameborder=\"0\" allow=\"accelerometer; autoplay; clipboard-write; encrypted-media; gyroscope; picture-in-picture; web-share\" referrerpolicy=\"strict-origin-when-cross-origin\" allowfullscreen><\/iframe>\n<\/div><\/figure>\n<\/div>\n\n\n\n<div class=\"wp-block-column is-layout-flow wp-block-column-is-layout-flow\">\n<figure class=\"wp-block-embed is-type-video is-provider-youtube wp-block-embed-youtube wp-embed-aspect-16-9 wp-has-aspect-ratio\"><div class=\"wp-block-embed__wrapper\">\n<iframe loading=\"lazy\" title=\"&quot;Mi vida cambi\u00f3 despu\u00e9s de conocer los talleres del Centro de Oraci\u00f3n&quot;\" width=\"1191\" height=\"670\" src=\"https:\/\/www.youtube.com\/embed\/aovC_HkZn9Q?start=2&#038;feature=oembed\" frameborder=\"0\" allow=\"accelerometer; autoplay; clipboard-write; encrypted-media; gyroscope; picture-in-picture; web-share\" referrerpolicy=\"strict-origin-when-cross-origin\" allowfullscreen><\/iframe>\n<\/div><\/figure>\n<\/div>\n\n\n\n<div class=\"wp-block-column is-layout-flow wp-block-column-is-layout-flow\">\n<figure class=\"wp-block-embed is-type-video is-provider-youtube wp-block-embed-youtube wp-embed-aspect-16-9 wp-has-aspect-ratio\"><div class=\"wp-block-embed__wrapper\">\n<iframe loading=\"lazy\" title=\"Testimonio sobre la Cl\u00ednica de Codependencia\" width=\"1191\" height=\"670\" src=\"https:\/\/www.youtube.com\/embed\/k_AAl_VL9Cw?feature=oembed\" frameborder=\"0\" allow=\"accelerometer; autoplay; clipboard-write; encrypted-media; gyroscope; picture-in-picture; web-share\" referrerpolicy=\"strict-origin-when-cross-origin\" allowfullscreen><\/iframe>\n<\/div><\/figure>\n<\/div>\n<\/div>\n\n\n\n<h2 class=\"wp-block-heading\">Nuestras Publicaciones<\/h2>\n\n\n\n<hr class=\"wp-block-separator has-text-color has-accent-1-color has-alpha-channel-opacity has-accent-1-background-color has-background is-style-wide\"\/>\n\n\n\n<div class=\"wp-block-columns is-layout-flex wp-container-core-columns-is-layout-9d6595d7 wp-block-columns-is-layout-flex\">\n<div class=\"wp-block-column is-layout-flow wp-block-column-is-layout-flow\">\n<figure class=\"wp-block-image size-full\"><img loading=\"lazy\" decoding=\"async\" width=\"300\" height=\"300\" src=\"https:\/\/centrosoracionguadalupeint.com\/esp\/wp-content\/uploads\/2026\/04\/bibliografia4-2.jpg\" alt=\"\" class=\"wp-image-927\" srcset=\"http:\/\/centrosoracionguadalupeint.com\/esp\/wp-content\/uploads\/2026\/04\/bibliografia4-2.jpg 300w, http:\/\/centrosoracionguadalupeint.com\/esp\/wp-content\/uploads\/2026\/04\/bibliografia4-2-150x150.jpg 150w\" sizes=\"auto, (max-width: 300px) 100vw, 300px\" \/><\/figure>\n\n\n\n<h4 class=\"wp-block-heading\">LIBRE DE ADICCIONES<\/h4>\n\n\n\n<p>El dolor como consecuencia del abuso, es una expresi\u00f3n del alma que nos impide disfrutar las bondades de la vida y es un gran obst\u00e1culo \u2026<\/p>\n\n\n\n<div class=\"wp-block-buttons is-content-justification-right is-layout-flex wp-container-core-buttons-is-layout-765c4724 wp-block-buttons-is-layout-flex\">\n<div class=\"wp-block-button has-custom-width wp-block-button__width-50\"><a class=\"wp-block-button__link wp-element-button\">LEER M\u00c1S<\/a><\/div>\n<\/div>\n<\/div>\n\n\n\n<div class=\"wp-block-column is-layout-flow wp-block-column-is-layout-flow\" style=\"flex-basis:25px\"><\/div>\n\n\n\n<div class=\"wp-block-column is-layout-flow wp-block-column-is-layout-flow\">\n<div class=\"wp-block-group is-nowrap is-layout-flex wp-container-core-group-is-layout-ad2f72ca wp-block-group-is-layout-flex\">\n<figure class=\"wp-block-image size-full\"><img loading=\"lazy\" decoding=\"async\" width=\"300\" height=\"300\" src=\"https:\/\/centrosoracionguadalupeint.com\/esp\/wp-content\/uploads\/2026\/04\/bibliografia8-1.jpg\" alt=\"\" class=\"wp-image-931\" srcset=\"http:\/\/centrosoracionguadalupeint.com\/esp\/wp-content\/uploads\/2026\/04\/bibliografia8-1.jpg 300w, http:\/\/centrosoracionguadalupeint.com\/esp\/wp-content\/uploads\/2026\/04\/bibliografia8-1-150x150.jpg 150w\" sizes=\"auto, (max-width: 300px) 100vw, 300px\" \/><\/figure>\n\n\n\n<div class=\"wp-block-group is-nowrap is-layout-flex wp-container-core-group-is-layout-ad2f72ca wp-block-group-is-layout-flex\"><\/div>\n<\/div>\n\n\n\n<h4 class=\"wp-block-heading\">SANANDO<a href=\"https:\/\/centrosoracionguadalupeint.com\/libro11.html\"> <\/a>EL \u00c1RBOL<a href=\"https:\/\/centrosoracionguadalupeint.com\/libro11.html\"> <\/a>GENEAL\u00d3GICO<\/h4>\n\n\n\n<p>Te ayudar\u00e1 a conocer lo que es una familia disfuncional y podr\u00e1s analizar si la tuya lo es; el descubrir esto no tiene el prop\u00f3sito de llenarte de resentimientos\u2026<\/p>\n\n\n\n<div class=\"wp-block-buttons is-content-justification-right is-layout-flex wp-container-core-buttons-is-layout-765c4724 wp-block-buttons-is-layout-flex\">\n<div class=\"wp-block-button has-custom-width wp-block-button__width-50\"><a class=\"wp-block-button__link wp-element-button\">LEER M\u00c1S<\/a><\/div>\n<\/div>\n<\/div>\n\n\n\n<div class=\"wp-block-column is-layout-flow wp-block-column-is-layout-flow\">\n<figure class=\"wp-block-image size-full\"><img loading=\"lazy\" decoding=\"async\" width=\"300\" height=\"300\" src=\"https:\/\/centrosoracionguadalupeint.com\/esp\/wp-content\/uploads\/2026\/04\/bibliografia9-1.jpg\" alt=\"\" class=\"wp-image-934\" srcset=\"http:\/\/centrosoracionguadalupeint.com\/esp\/wp-content\/uploads\/2026\/04\/bibliografia9-1.jpg 300w, http:\/\/centrosoracionguadalupeint.com\/esp\/wp-content\/uploads\/2026\/04\/bibliografia9-1-150x150.jpg 150w\" sizes=\"auto, (max-width: 300px) 100vw, 300px\" \/><\/figure>\n\n\n\n<h4 class=\"wp-block-heading\">LIBRE DEL PASADO PARA SER FELIZ<\/h4>\n\n\n\n<p>REDESCUBRIENDO LA CONEXI\u00d3N CORPORAL PERDIDA EN LA ESPIRITUALIDAD CRISTIANA: Todos queremos ser felices, pero hay algo\u2026<\/p>\n\n\n\n<div class=\"wp-block-buttons is-content-justification-right is-layout-flex wp-container-core-buttons-is-layout-765c4724 wp-block-buttons-is-layout-flex\">\n<div class=\"wp-block-button has-custom-width wp-block-button__width-50\"><a class=\"wp-block-button__link wp-element-button\">LEER M\u00c1S<\/a><\/div>\n<\/div>\n<\/div>\n<\/div>\n","protected":false},"excerpt":{"rendered":"<p>NUESTRA MISI\u00d3N La misi\u00f3n de la Sociedad de Nuestra Se\u00f1ora de Guadalupe es recibir, a trav\u00e9s de los diferentes Centros de oraci\u00f3n, a las personas que sufren una pena especial en el coraz\u00f3n y en el esp\u00edritu\u2026 &hellip;<\/p>\n","protected":false},"author":1,"featured_media":0,"parent":0,"menu_order":0,"comment_status":"closed","ping_status":"closed","template":"","meta":{"footnotes":""},"class_list":["post-882","page","type-page","status-publish","hentry"],"_links":{"self":[{"href":"http:\/\/centrosoracionguadalupeint.com\/esp\/wp-json\/wp\/v2\/pages\/882","targetHints":{"allow":["GET"]}}],"collection":[{"href":"http:\/\/centrosoracionguadalupeint.com\/esp\/wp-json\/wp\/v2\/pages"}],"about":[{"href":"http:\/\/centrosoracionguadalupeint.com\/esp\/wp-json\/wp\/v2\/types\/page"}],"author":[{"embeddable":true,"href":"http:\/\/centrosoracionguadalupeint.com\/esp\/wp-json\/wp\/v2\/users\/1"}],"replies":[{"embeddable":true,"href":"http:\/\/centrosoracionguadalupeint.com\/esp\/wp-json\/wp\/v2\/comments?post=882"}],"version-history":[{"count":52,"href":"http:\/\/centrosoracionguadalupeint.com\/esp\/wp-json\/wp\/v2\/pages\/882\/revisions"}],"predecessor-version":[{"id":959,"href":"http:\/\/centrosoracionguadalupeint.com\/esp\/wp-json\/wp\/v2\/pages\/882\/revisions\/959"}],"wp:attachment":[{"href":"http:\/\/centrosoracionguadalupeint.com\/esp\/wp-json\/wp\/v2\/media?parent=882"}],"curies":[{"name":"wp","href":"https:\/\/api.w.org\/{rel}","templated":true}]}}